{"id":5413,"date":"2014-02-13T23:14:03","date_gmt":"2014-02-13T21:14:03","guid":{"rendered":"http:\/\/d-photography.org\/main\/?post_type=portfolio&#038;p=2508"},"modified":"2018-08-02T21:54:20","modified_gmt":"2018-08-02T19:54:20","slug":"gedenk-und-begegnungsstaette-potsdam","status":"publish","type":"portfolio","link":"https:\/\/d-photography.org\/web\/portfolio-item\/gedenk-und-begegnungsstaette-potsdam\/","title":{"rendered":"Gedenk- und Begegnungsst\u00e4tte Potsdam"},"content":{"rendered":"<p>\n<style type=\"text\/css\" data-created_by=\"avia_inline_auto\" id=\"style-css-av-sm8qkx-f32156107ca0d16af62746ebe062a56f\">\n.avia-section.av-sm8qkx-f32156107ca0d16af62746ebe062a56f{\nbackground-color:#000000;\n}\n<\/style>\n<div id='av_section_1'  class='avia-section av-sm8qkx-f32156107ca0d16af62746ebe062a56f main_color avia-section-no-padding avia-no-border-styling  avia-builder-el-0  el_before_av_layout_row  avia-builder-el-first  avia-bg-style-scroll container_wrap fullsize'  ><div class='container av-section-cont-open' ><main  role=\"main\" itemprop=\"mainContentOfPage\"  class='template-page content  av-content-full alpha units'><div class='post-entry post-entry-type-page post-entry-5413'><div class='entry-content-wrapper clearfix'>\n<style type=\"text\/css\" data-created_by=\"avia_inline_auto\" id=\"style-css-av-qy3yhd-b011a87527738109e701ef770c457abe\">\n.flex_column.av-qy3yhd-b011a87527738109e701ef770c457abe{\nborder-radius:0px 0px 0px 0px;\n-webkit-border-radius:0px 0px 0px 0px;\n-moz-border-radius:0px 0px 0px 0px;\n}\n<\/style>\n<div class='flex_column av-qy3yhd-b011a87527738109e701ef770c457abe av_one_full  avia-builder-el-1  avia-builder-el-no-sibling  first flex_column_div av-zero-column-padding '   ><p>\n<style type=\"text\/css\" data-created_by=\"avia_inline_auto\" id=\"style-css-av-pkamap-ac5b761f11a62776db097b2f416b1437\">\n#top .hr.hr-invisible.av-pkamap-ac5b761f11a62776db097b2f416b1437{\nheight:40px;\n}\n<\/style>\n<div  class='hr av-pkamap-ac5b761f11a62776db097b2f416b1437 hr-invisible  avia-builder-el-2  el_before_av_heading  avia-builder-el-first '><span class='hr-inner '><span class=\"hr-inner-style\"><\/span><\/span><\/div>\n<style type=\"text\/css\" data-created_by=\"avia_inline_auto\" id=\"style-css-av-2kd10l-1169f3dabac4deca6b9f21083e1fc765\">\n#top .av-special-heading.av-2kd10l-1169f3dabac4deca6b9f21083e1fc765{\npadding-bottom:0px;\nfont-size:40px;\n}\nbody .av-special-heading.av-2kd10l-1169f3dabac4deca6b9f21083e1fc765 .av-special-heading-tag .heading-char{\nfont-size:25px;\n}\n#top #wrap_all .av-special-heading.av-2kd10l-1169f3dabac4deca6b9f21083e1fc765 .av-special-heading-tag{\nfont-size:40px;\n}\n.av-special-heading.av-2kd10l-1169f3dabac4deca6b9f21083e1fc765 .av-subheading{\nfont-size:14px;\n}\n<\/style>\n<div  class='av-special-heading av-2kd10l-1169f3dabac4deca6b9f21083e1fc765 av-special-heading-h1 blockquote modern-quote modern-centered  avia-builder-el-3  el_after_av_hr  el_before_av_hr  av-inherit-size'><h1 class='av-special-heading-tag'  itemprop=\"headline\"  >Gedenk- und Begegnungsst\u00e4tte Potsdam<\/h1><div class=\"special-heading-border\"><div class=\"special-heading-inner-border\"><\/div><\/div><\/div>\n<style type=\"text\/css\" data-created_by=\"avia_inline_auto\" id=\"style-css-av-mp4ub5-01b67950fac3289129f354a039e68a29\">\n#top .hr.av-mp4ub5-01b67950fac3289129f354a039e68a29{\nmargin-top:20px;\nmargin-bottom:30px;\n}\n.hr.av-mp4ub5-01b67950fac3289129f354a039e68a29 .hr-inner{\nwidth:20px;\nborder-color:#ffffff;\n}\n<\/style>\n<div  class='hr av-mp4ub5-01b67950fac3289129f354a039e68a29 hr-custom  avia-builder-el-4  el_after_av_heading  avia-builder-el-last  hr-center hr-icon-no'><span class='hr-inner inner-border-av-border-fat'><span class=\"hr-inner-style\"><\/span><\/span><\/div><\/p><\/div><\/div><\/div><\/main><!-- close content main element --><\/div><\/div><div id='av-layout-grid-1'  class='av-layout-grid-container av-av_layout_row-46d56c4f66cbc09d226fc8a5cde06bdd entry-content-wrapper main_color av-flex-cells  avia-builder-el-5  el_after_av_section  el_before_av_textblock  grid-row-not-first  container_wrap fullsize'  >\n<style type=\"text\/css\" data-created_by=\"avia_inline_auto\" id=\"style-css-av-jjvucw1x-9f4307e1a324b9d6cc46c50cc34480c5\">\n.flex_cell.av-jjvucw1x-9f4307e1a324b9d6cc46c50cc34480c5{\nvertical-align:top;\npadding:0px 0px 0px 0px;\nbackground-color:#000000;\n}\n<\/style>\n<div class='flex_cell av_one_full av-jjvucw1x-9f4307e1a324b9d6cc46c50cc34480c5 no_margin  avia-builder-el-6  avia-builder-el-no-sibling  av-zero-padding' ><div class='flex_cell_inner'><div id='av-masonry-1' class='av-masonry av-jk3o9j9p-64865d671bb3bd4c8220f490f28393d1 noHover av-flex-size av-no-gap av-hover-overlay-active av-masonry-animation-active av-masonry-col-flexible av-caption-always av-caption-style- av-masonry-gallery '><div class=\"av-masonry-container isotope av-js-disabled\"><div class='av-masonry-entry isotope-item av-masonry-item-no-image '><\/div><a href=\"https:\/\/d-photography.org\/web\/wp-content\/uploads\/2014\/02\/gedenken-potsdam-36-1.jpg\" data-srcset=\"https:\/\/d-photography.org\/web\/wp-content\/uploads\/2014\/02\/gedenken-potsdam-36-1.jpg 800w, https:\/\/d-photography.org\/web\/wp-content\/uploads\/2014\/02\/gedenken-potsdam-36-1-300x200.jpg 300w, https:\/\/d-photography.org\/web\/wp-content\/uploads\/2014\/02\/gedenken-potsdam-36-1-768x512.jpg 768w, https:\/\/d-photography.org\/web\/wp-content\/uploads\/2014\/02\/gedenken-potsdam-36-1-705x470.jpg 705w, https:\/\/d-photography.org\/web\/wp-content\/uploads\/2014\/02\/gedenken-potsdam-36-1-450x300.jpg 450w\" data-sizes=\"(max-width: 800px) 100vw, 800px\"  aria-label=\"Bild gedenken potsdam-36\"  id='av-masonry-1-item-3168' data-av-masonry-item='3168' class='av-masonry-entry isotope-item post-3168 attachment type-attachment status-inherit hentry  av-masonry-item-with-image' title=\"gedenken potsdam-36\" alt=\"\"   itemprop=\"thumbnailUrl\" ><div class='av-inner-masonry-sizer'><\/div><figure class='av-inner-masonry main_color'><div class=\"av-masonry-outerimage-container\"><div class='av-masonry-image-container'   ><img decoding=\"async\" width=\"705\" height=\"470\" class=\"wp-image-3168 avia-img-lazy-loading-not-3168\"  src=\"https:\/\/d-photography.org\/web\/wp-content\/uploads\/2014\/02\/gedenken-potsdam-36-1-705x470.jpg\" title=\"gedenken potsdam-36\" alt=\"\" srcset=\"https:\/\/d-photography.org\/web\/wp-content\/uploads\/2014\/02\/gedenken-potsdam-36-1-705x470.jpg 705w, https:\/\/d-photography.org\/web\/wp-content\/uploads\/2014\/02\/gedenken-potsdam-36-1-300x200.jpg 300w, https:\/\/d-photography.org\/web\/wp-content\/uploads\/2014\/02\/gedenken-potsdam-36-1-768x512.jpg 768w, https:\/\/d-photography.org\/web\/wp-content\/uploads\/2014\/02\/gedenken-potsdam-36-1-450x300.jpg 450w, https:\/\/d-photography.org\/web\/wp-content\/uploads\/2014\/02\/gedenken-potsdam-36-1.jpg 800w\" sizes=\"(max-width: 705px) 100vw, 705px\" \/><\/div><\/div><\/figure><\/a><!--end av-masonry entry--><a href=\"https:\/\/d-photography.org\/web\/wp-content\/uploads\/2014\/02\/gedenken-potsdam-40-1.jpg\" data-srcset=\"https:\/\/d-photography.org\/web\/wp-content\/uploads\/2014\/02\/gedenken-potsdam-40-1.jpg 800w, https:\/\/d-photography.org\/web\/wp-content\/uploads\/2014\/02\/gedenken-potsdam-40-1-300x200.jpg 300w, https:\/\/d-photography.org\/web\/wp-content\/uploads\/2014\/02\/gedenken-potsdam-40-1-768x512.jpg 768w, https:\/\/d-photography.org\/web\/wp-content\/uploads\/2014\/02\/gedenken-potsdam-40-1-705x470.jpg 705w, https:\/\/d-photography.org\/web\/wp-content\/uploads\/2014\/02\/gedenken-potsdam-40-1-450x300.jpg 450w\" data-sizes=\"(max-width: 800px) 100vw, 800px\"  aria-label=\"Bild gedenken potsdam-40\"  id='av-masonry-1-item-3169' data-av-masonry-item='3169' class='av-masonry-entry isotope-item post-3169 attachment type-attachment status-inherit hentry  av-masonry-item-with-image' title=\"gedenken potsdam-40\" alt=\"\"   itemprop=\"thumbnailUrl\" ><div class='av-inner-masonry-sizer'><\/div><figure class='av-inner-masonry main_color'><div class=\"av-masonry-outerimage-container\"><div class='av-masonry-image-container'   ><img decoding=\"async\" width=\"705\" height=\"470\" class=\"wp-image-3169 avia-img-lazy-loading-not-3169\"  src=\"https:\/\/d-photography.org\/web\/wp-content\/uploads\/2014\/02\/gedenken-potsdam-40-1-705x470.jpg\" title=\"gedenken potsdam-40\" alt=\"\" srcset=\"https:\/\/d-photography.org\/web\/wp-content\/uploads\/2014\/02\/gedenken-potsdam-40-1-705x470.jpg 705w, https:\/\/d-photography.org\/web\/wp-content\/uploads\/2014\/02\/gedenken-potsdam-40-1-300x200.jpg 300w, https:\/\/d-photography.org\/web\/wp-content\/uploads\/2014\/02\/gedenken-potsdam-40-1-768x512.jpg 768w, https:\/\/d-photography.org\/web\/wp-content\/uploads\/2014\/02\/gedenken-potsdam-40-1-450x300.jpg 450w, https:\/\/d-photography.org\/web\/wp-content\/uploads\/2014\/02\/gedenken-potsdam-40-1.jpg 800w\" sizes=\"(max-width: 705px) 100vw, 705px\" \/><\/div><\/div><\/figure><\/a><!--end av-masonry entry--><a href=\"https:\/\/d-photography.org\/web\/wp-content\/uploads\/2014\/02\/gedenken-potsdam-28-1.jpg\" data-srcset=\"https:\/\/d-photography.org\/web\/wp-content\/uploads\/2014\/02\/gedenken-potsdam-28-1.jpg 800w, https:\/\/d-photography.org\/web\/wp-content\/uploads\/2014\/02\/gedenken-potsdam-28-1-300x200.jpg 300w, https:\/\/d-photography.org\/web\/wp-content\/uploads\/2014\/02\/gedenken-potsdam-28-1-768x512.jpg 768w, https:\/\/d-photography.org\/web\/wp-content\/uploads\/2014\/02\/gedenken-potsdam-28-1-705x470.jpg 705w, https:\/\/d-photography.org\/web\/wp-content\/uploads\/2014\/02\/gedenken-potsdam-28-1-450x300.jpg 450w\" data-sizes=\"(max-width: 800px) 100vw, 800px\"  aria-label=\"Bild gedenken potsdam-28\"  id='av-masonry-1-item-3165' data-av-masonry-item='3165' class='av-masonry-entry isotope-item post-3165 attachment type-attachment status-inherit hentry  av-masonry-item-with-image' title=\"gedenken potsdam-28\" alt=\"\"   itemprop=\"thumbnailUrl\" ><div class='av-inner-masonry-sizer'><\/div><figure class='av-inner-masonry main_color'><div class=\"av-masonry-outerimage-container\"><div class='av-masonry-image-container'   ><img decoding=\"async\" width=\"705\" height=\"470\" class=\"wp-image-3165 avia-img-lazy-loading-not-3165\"  src=\"https:\/\/d-photography.org\/web\/wp-content\/uploads\/2014\/02\/gedenken-potsdam-28-1-705x470.jpg\" title=\"gedenken potsdam-28\" alt=\"\" srcset=\"https:\/\/d-photography.org\/web\/wp-content\/uploads\/2014\/02\/gedenken-potsdam-28-1-705x470.jpg 705w, https:\/\/d-photography.org\/web\/wp-content\/uploads\/2014\/02\/gedenken-potsdam-28-1-300x200.jpg 300w, https:\/\/d-photography.org\/web\/wp-content\/uploads\/2014\/02\/gedenken-potsdam-28-1-768x512.jpg 768w, https:\/\/d-photography.org\/web\/wp-content\/uploads\/2014\/02\/gedenken-potsdam-28-1-450x300.jpg 450w, https:\/\/d-photography.org\/web\/wp-content\/uploads\/2014\/02\/gedenken-potsdam-28-1.jpg 800w\" sizes=\"(max-width: 705px) 100vw, 705px\" \/><\/div><\/div><\/figure><\/a><!--end av-masonry entry--><a href=\"https:\/\/d-photography.org\/web\/wp-content\/uploads\/2014\/02\/gedenken-potsdam-55-1.jpg\" data-srcset=\"https:\/\/d-photography.org\/web\/wp-content\/uploads\/2014\/02\/gedenken-potsdam-55-1.jpg 800w, https:\/\/d-photography.org\/web\/wp-content\/uploads\/2014\/02\/gedenken-potsdam-55-1-300x200.jpg 300w, https:\/\/d-photography.org\/web\/wp-content\/uploads\/2014\/02\/gedenken-potsdam-55-1-768x512.jpg 768w, https:\/\/d-photography.org\/web\/wp-content\/uploads\/2014\/02\/gedenken-potsdam-55-1-705x470.jpg 705w, https:\/\/d-photography.org\/web\/wp-content\/uploads\/2014\/02\/gedenken-potsdam-55-1-450x300.jpg 450w\" data-sizes=\"(max-width: 800px) 100vw, 800px\"  aria-label=\"Bild gedenken potsdam-55\"  id='av-masonry-1-item-3176' data-av-masonry-item='3176' class='av-masonry-entry isotope-item post-3176 attachment type-attachment status-inherit hentry  av-masonry-item-with-image' title=\"gedenken potsdam-55\" alt=\"\"   itemprop=\"thumbnailUrl\" ><div class='av-inner-masonry-sizer'><\/div><figure class='av-inner-masonry main_color'><div class=\"av-masonry-outerimage-container\"><div class='av-masonry-image-container'   ><img decoding=\"async\" width=\"705\" height=\"470\" class=\"wp-image-3176 avia-img-lazy-loading-not-3176\"  src=\"https:\/\/d-photography.org\/web\/wp-content\/uploads\/2014\/02\/gedenken-potsdam-55-1-705x470.jpg\" title=\"gedenken potsdam-55\" alt=\"\" srcset=\"https:\/\/d-photography.org\/web\/wp-content\/uploads\/2014\/02\/gedenken-potsdam-55-1-705x470.jpg 705w, https:\/\/d-photography.org\/web\/wp-content\/uploads\/2014\/02\/gedenken-potsdam-55-1-300x200.jpg 300w, https:\/\/d-photography.org\/web\/wp-content\/uploads\/2014\/02\/gedenken-potsdam-55-1-768x512.jpg 768w, https:\/\/d-photography.org\/web\/wp-content\/uploads\/2014\/02\/gedenken-potsdam-55-1-450x300.jpg 450w, https:\/\/d-photography.org\/web\/wp-content\/uploads\/2014\/02\/gedenken-potsdam-55-1.jpg 800w\" sizes=\"(max-width: 705px) 100vw, 705px\" \/><\/div><\/div><\/figure><\/a><!--end av-masonry entry--><a href=\"https:\/\/d-photography.org\/web\/wp-content\/uploads\/2014\/02\/gedenken-potsdam-54-1.jpg\" data-srcset=\"https:\/\/d-photography.org\/web\/wp-content\/uploads\/2014\/02\/gedenken-potsdam-54-1.jpg 800w, https:\/\/d-photography.org\/web\/wp-content\/uploads\/2014\/02\/gedenken-potsdam-54-1-300x200.jpg 300w, https:\/\/d-photography.org\/web\/wp-content\/uploads\/2014\/02\/gedenken-potsdam-54-1-768x512.jpg 768w, https:\/\/d-photography.org\/web\/wp-content\/uploads\/2014\/02\/gedenken-potsdam-54-1-705x470.jpg 705w, https:\/\/d-photography.org\/web\/wp-content\/uploads\/2014\/02\/gedenken-potsdam-54-1-450x300.jpg 450w\" data-sizes=\"(max-width: 800px) 100vw, 800px\"  aria-label=\"Bild gedenken potsdam-54\"  id='av-masonry-1-item-3175' data-av-masonry-item='3175' class='av-masonry-entry isotope-item post-3175 attachment type-attachment status-inherit hentry  av-masonry-item-with-image' title=\"gedenken potsdam-54\" alt=\"\"   itemprop=\"thumbnailUrl\" ><div class='av-inner-masonry-sizer'><\/div><figure class='av-inner-masonry main_color'><div class=\"av-masonry-outerimage-container\"><div class='av-masonry-image-container'   ><img decoding=\"async\" width=\"705\" height=\"470\" class=\"wp-image-3175 avia-img-lazy-loading-not-3175\"  src=\"https:\/\/d-photography.org\/web\/wp-content\/uploads\/2014\/02\/gedenken-potsdam-54-1-705x470.jpg\" title=\"gedenken potsdam-54\" alt=\"\" srcset=\"https:\/\/d-photography.org\/web\/wp-content\/uploads\/2014\/02\/gedenken-potsdam-54-1-705x470.jpg 705w, https:\/\/d-photography.org\/web\/wp-content\/uploads\/2014\/02\/gedenken-potsdam-54-1-300x200.jpg 300w, https:\/\/d-photography.org\/web\/wp-content\/uploads\/2014\/02\/gedenken-potsdam-54-1-768x512.jpg 768w, https:\/\/d-photography.org\/web\/wp-content\/uploads\/2014\/02\/gedenken-potsdam-54-1-450x300.jpg 450w, https:\/\/d-photography.org\/web\/wp-content\/uploads\/2014\/02\/gedenken-potsdam-54-1.jpg 800w\" sizes=\"(max-width: 705px) 100vw, 705px\" \/><\/div><\/div><\/figure><\/a><!--end av-masonry entry--><a href=\"https:\/\/d-photography.org\/web\/wp-content\/uploads\/2014\/02\/gedenken-potsdam-53-1.jpg\" data-srcset=\"https:\/\/d-photography.org\/web\/wp-content\/uploads\/2014\/02\/gedenken-potsdam-53-1.jpg 800w, https:\/\/d-photography.org\/web\/wp-content\/uploads\/2014\/02\/gedenken-potsdam-53-1-300x200.jpg 300w, https:\/\/d-photography.org\/web\/wp-content\/uploads\/2014\/02\/gedenken-potsdam-53-1-768x512.jpg 768w, https:\/\/d-photography.org\/web\/wp-content\/uploads\/2014\/02\/gedenken-potsdam-53-1-705x470.jpg 705w, https:\/\/d-photography.org\/web\/wp-content\/uploads\/2014\/02\/gedenken-potsdam-53-1-450x300.jpg 450w\" data-sizes=\"(max-width: 800px) 100vw, 800px\"  aria-label=\"Bild gedenken potsdam-53\"  id='av-masonry-1-item-3174' data-av-masonry-item='3174' class='av-masonry-entry isotope-item post-3174 attachment type-attachment status-inherit hentry  av-masonry-item-with-image' title=\"gedenken potsdam-53\" alt=\"\"   itemprop=\"thumbnailUrl\" ><div class='av-inner-masonry-sizer'><\/div><figure class='av-inner-masonry main_color'><div class=\"av-masonry-outerimage-container\"><div class='av-masonry-image-container'   ><img decoding=\"async\" width=\"705\" height=\"470\" class=\"wp-image-3174 avia-img-lazy-loading-not-3174\"  src=\"https:\/\/d-photography.org\/web\/wp-content\/uploads\/2014\/02\/gedenken-potsdam-53-1-705x470.jpg\" title=\"gedenken potsdam-53\" alt=\"\" srcset=\"https:\/\/d-photography.org\/web\/wp-content\/uploads\/2014\/02\/gedenken-potsdam-53-1-705x470.jpg 705w, https:\/\/d-photography.org\/web\/wp-content\/uploads\/2014\/02\/gedenken-potsdam-53-1-300x200.jpg 300w, https:\/\/d-photography.org\/web\/wp-content\/uploads\/2014\/02\/gedenken-potsdam-53-1-768x512.jpg 768w, https:\/\/d-photography.org\/web\/wp-content\/uploads\/2014\/02\/gedenken-potsdam-53-1-450x300.jpg 450w, https:\/\/d-photography.org\/web\/wp-content\/uploads\/2014\/02\/gedenken-potsdam-53-1.jpg 800w\" sizes=\"(max-width: 705px) 100vw, 705px\" \/><\/div><\/div><\/figure><\/a><!--end av-masonry entry--><a href=\"https:\/\/d-photography.org\/web\/wp-content\/uploads\/2014\/02\/gedenken-potsdam-48-1.jpg\" data-srcset=\"https:\/\/d-photography.org\/web\/wp-content\/uploads\/2014\/02\/gedenken-potsdam-48-1.jpg 800w, https:\/\/d-photography.org\/web\/wp-content\/uploads\/2014\/02\/gedenken-potsdam-48-1-300x200.jpg 300w, https:\/\/d-photography.org\/web\/wp-content\/uploads\/2014\/02\/gedenken-potsdam-48-1-768x512.jpg 768w, https:\/\/d-photography.org\/web\/wp-content\/uploads\/2014\/02\/gedenken-potsdam-48-1-705x470.jpg 705w, https:\/\/d-photography.org\/web\/wp-content\/uploads\/2014\/02\/gedenken-potsdam-48-1-450x300.jpg 450w\" data-sizes=\"(max-width: 800px) 100vw, 800px\"  aria-label=\"Bild gedenken potsdam-48\"  id='av-masonry-1-item-3171' data-av-masonry-item='3171' class='av-masonry-entry isotope-item post-3171 attachment type-attachment status-inherit hentry  av-masonry-item-with-image' title=\"gedenken potsdam-48\" alt=\"\"   itemprop=\"thumbnailUrl\" ><div class='av-inner-masonry-sizer'><\/div><figure class='av-inner-masonry main_color'><div class=\"av-masonry-outerimage-container\"><div class='av-masonry-image-container'   ><img decoding=\"async\" width=\"705\" height=\"470\" class=\"wp-image-3171 avia-img-lazy-loading-not-3171\"  src=\"https:\/\/d-photography.org\/web\/wp-content\/uploads\/2014\/02\/gedenken-potsdam-48-1-705x470.jpg\" title=\"gedenken potsdam-48\" alt=\"\" srcset=\"https:\/\/d-photography.org\/web\/wp-content\/uploads\/2014\/02\/gedenken-potsdam-48-1-705x470.jpg 705w, https:\/\/d-photography.org\/web\/wp-content\/uploads\/2014\/02\/gedenken-potsdam-48-1-300x200.jpg 300w, https:\/\/d-photography.org\/web\/wp-content\/uploads\/2014\/02\/gedenken-potsdam-48-1-768x512.jpg 768w, https:\/\/d-photography.org\/web\/wp-content\/uploads\/2014\/02\/gedenken-potsdam-48-1-450x300.jpg 450w, https:\/\/d-photography.org\/web\/wp-content\/uploads\/2014\/02\/gedenken-potsdam-48-1.jpg 800w\" sizes=\"(max-width: 705px) 100vw, 705px\" \/><\/div><\/div><\/figure><\/a><!--end av-masonry entry--><a href=\"https:\/\/d-photography.org\/web\/wp-content\/uploads\/2014\/02\/gedenken-potsdam-31-1.jpg\" data-srcset=\"https:\/\/d-photography.org\/web\/wp-content\/uploads\/2014\/02\/gedenken-potsdam-31-1.jpg 533w, https:\/\/d-photography.org\/web\/wp-content\/uploads\/2014\/02\/gedenken-potsdam-31-1-200x300.jpg 200w, https:\/\/d-photography.org\/web\/wp-content\/uploads\/2014\/02\/gedenken-potsdam-31-1-470x705.jpg 470w, https:\/\/d-photography.org\/web\/wp-content\/uploads\/2014\/02\/gedenken-potsdam-31-1-450x675.jpg 450w\" data-sizes=\"(max-width: 533px) 100vw, 533px\"  aria-label=\"Bild gedenken potsdam-31\"  id='av-masonry-1-item-3166' data-av-masonry-item='3166' class='av-masonry-entry isotope-item post-3166 attachment type-attachment status-inherit hentry  av-masonry-item-with-image' title=\"gedenken potsdam-31\" alt=\"\"   itemprop=\"thumbnailUrl\" ><div class='av-inner-masonry-sizer'><\/div><figure class='av-inner-masonry main_color'><div class=\"av-masonry-outerimage-container\"><div class='av-masonry-image-container'   ><img decoding=\"async\" width=\"470\" height=\"705\" class=\"wp-image-3166 avia-img-lazy-loading-not-3166\"  src=\"https:\/\/d-photography.org\/web\/wp-content\/uploads\/2014\/02\/gedenken-potsdam-31-1-470x705.jpg\" title=\"gedenken potsdam-31\" alt=\"\" srcset=\"https:\/\/d-photography.org\/web\/wp-content\/uploads\/2014\/02\/gedenken-potsdam-31-1-470x705.jpg 470w, https:\/\/d-photography.org\/web\/wp-content\/uploads\/2014\/02\/gedenken-potsdam-31-1-200x300.jpg 200w, https:\/\/d-photography.org\/web\/wp-content\/uploads\/2014\/02\/gedenken-potsdam-31-1-450x675.jpg 450w, https:\/\/d-photography.org\/web\/wp-content\/uploads\/2014\/02\/gedenken-potsdam-31-1.jpg 533w\" sizes=\"(max-width: 470px) 100vw, 470px\" \/><\/div><\/div><\/figure><\/a><!--end av-masonry entry--><a href=\"https:\/\/d-photography.org\/web\/wp-content\/uploads\/2014\/02\/gedenken-potsdam-11-1.jpg\" data-srcset=\"https:\/\/d-photography.org\/web\/wp-content\/uploads\/2014\/02\/gedenken-potsdam-11-1.jpg 800w, https:\/\/d-photography.org\/web\/wp-content\/uploads\/2014\/02\/gedenken-potsdam-11-1-300x200.jpg 300w, https:\/\/d-photography.org\/web\/wp-content\/uploads\/2014\/02\/gedenken-potsdam-11-1-768x512.jpg 768w, https:\/\/d-photography.org\/web\/wp-content\/uploads\/2014\/02\/gedenken-potsdam-11-1-705x470.jpg 705w, https:\/\/d-photography.org\/web\/wp-content\/uploads\/2014\/02\/gedenken-potsdam-11-1-450x300.jpg 450w\" data-sizes=\"(max-width: 800px) 100vw, 800px\"  aria-label=\"Bild gedenken potsdam-11\"  id='av-masonry-1-item-3163' data-av-masonry-item='3163' class='av-masonry-entry isotope-item post-3163 attachment type-attachment status-inherit hentry  av-masonry-item-with-image' title=\"gedenken potsdam-11\" alt=\"\"   itemprop=\"thumbnailUrl\" ><div class='av-inner-masonry-sizer'><\/div><figure class='av-inner-masonry main_color'><div class=\"av-masonry-outerimage-container\"><div class='av-masonry-image-container'   ><img decoding=\"async\" width=\"705\" height=\"470\" class=\"wp-image-3163 avia-img-lazy-loading-not-3163\"  src=\"https:\/\/d-photography.org\/web\/wp-content\/uploads\/2014\/02\/gedenken-potsdam-11-1-705x470.jpg\" title=\"gedenken potsdam-11\" alt=\"\" srcset=\"https:\/\/d-photography.org\/web\/wp-content\/uploads\/2014\/02\/gedenken-potsdam-11-1-705x470.jpg 705w, https:\/\/d-photography.org\/web\/wp-content\/uploads\/2014\/02\/gedenken-potsdam-11-1-300x200.jpg 300w, https:\/\/d-photography.org\/web\/wp-content\/uploads\/2014\/02\/gedenken-potsdam-11-1-768x512.jpg 768w, https:\/\/d-photography.org\/web\/wp-content\/uploads\/2014\/02\/gedenken-potsdam-11-1-450x300.jpg 450w, https:\/\/d-photography.org\/web\/wp-content\/uploads\/2014\/02\/gedenken-potsdam-11-1.jpg 800w\" sizes=\"(max-width: 705px) 100vw, 705px\" \/><\/div><\/div><\/figure><\/a><!--end av-masonry entry--><a href=\"https:\/\/d-photography.org\/web\/wp-content\/uploads\/2014\/02\/gedenken-potsdam-69-1.jpg\" data-srcset=\"https:\/\/d-photography.org\/web\/wp-content\/uploads\/2014\/02\/gedenken-potsdam-69-1.jpg 800w, https:\/\/d-photography.org\/web\/wp-content\/uploads\/2014\/02\/gedenken-potsdam-69-1-300x102.jpg 300w, https:\/\/d-photography.org\/web\/wp-content\/uploads\/2014\/02\/gedenken-potsdam-69-1-768x262.jpg 768w, https:\/\/d-photography.org\/web\/wp-content\/uploads\/2014\/02\/gedenken-potsdam-69-1-705x241.jpg 705w, https:\/\/d-photography.org\/web\/wp-content\/uploads\/2014\/02\/gedenken-potsdam-69-1-450x154.jpg 450w\" data-sizes=\"(max-width: 800px) 100vw, 800px\"  aria-label=\"Bild gedenken-potsdam-69\"  id='av-masonry-1-item-3157' data-av-masonry-item='3157' class='av-masonry-entry isotope-item post-3157 attachment type-attachment status-inherit hentry  av-masonry-item-with-image' title=\"gedenken-potsdam-69\" alt=\"\"   itemprop=\"thumbnailUrl\" ><div class='av-inner-masonry-sizer'><\/div><figure class='av-inner-masonry main_color'><div class=\"av-masonry-outerimage-container\"><div class='av-masonry-image-container'   ><img decoding=\"async\" width=\"705\" height=\"241\" class=\"wp-image-3157 avia-img-lazy-loading-not-3157\"  src=\"https:\/\/d-photography.org\/web\/wp-content\/uploads\/2014\/02\/gedenken-potsdam-69-1-705x241.jpg\" title=\"gedenken-potsdam-69\" alt=\"\" srcset=\"https:\/\/d-photography.org\/web\/wp-content\/uploads\/2014\/02\/gedenken-potsdam-69-1-705x241.jpg 705w, https:\/\/d-photography.org\/web\/wp-content\/uploads\/2014\/02\/gedenken-potsdam-69-1-300x102.jpg 300w, https:\/\/d-photography.org\/web\/wp-content\/uploads\/2014\/02\/gedenken-potsdam-69-1-768x262.jpg 768w, https:\/\/d-photography.org\/web\/wp-content\/uploads\/2014\/02\/gedenken-potsdam-69-1-450x154.jpg 450w, https:\/\/d-photography.org\/web\/wp-content\/uploads\/2014\/02\/gedenken-potsdam-69-1.jpg 800w\" sizes=\"(max-width: 705px) 100vw, 705px\" \/><\/div><\/div><\/figure><\/a><!--end av-masonry entry--><a href=\"https:\/\/d-photography.org\/web\/wp-content\/uploads\/2014\/02\/gedenken-potsdam-49-1.jpg\" data-srcset=\"https:\/\/d-photography.org\/web\/wp-content\/uploads\/2014\/02\/gedenken-potsdam-49-1.jpg 800w, https:\/\/d-photography.org\/web\/wp-content\/uploads\/2014\/02\/gedenken-potsdam-49-1-300x200.jpg 300w, https:\/\/d-photography.org\/web\/wp-content\/uploads\/2014\/02\/gedenken-potsdam-49-1-768x512.jpg 768w, https:\/\/d-photography.org\/web\/wp-content\/uploads\/2014\/02\/gedenken-potsdam-49-1-705x470.jpg 705w, https:\/\/d-photography.org\/web\/wp-content\/uploads\/2014\/02\/gedenken-potsdam-49-1-450x300.jpg 450w\" data-sizes=\"(max-width: 800px) 100vw, 800px\"  aria-label=\"Bild gedenken potsdam-49\"  id='av-masonry-1-item-3172' data-av-masonry-item='3172' class='av-masonry-entry isotope-item post-3172 attachment type-attachment status-inherit hentry  av-masonry-item-with-image' title=\"gedenken potsdam-49\" alt=\"\"   itemprop=\"thumbnailUrl\" ><div class='av-inner-masonry-sizer'><\/div><figure class='av-inner-masonry main_color'><div class=\"av-masonry-outerimage-container\"><div class='av-masonry-image-container'   ><img decoding=\"async\" width=\"705\" height=\"470\" class=\"wp-image-3172 avia-img-lazy-loading-not-3172\"  src=\"https:\/\/d-photography.org\/web\/wp-content\/uploads\/2014\/02\/gedenken-potsdam-49-1-705x470.jpg\" title=\"gedenken potsdam-49\" alt=\"\" srcset=\"https:\/\/d-photography.org\/web\/wp-content\/uploads\/2014\/02\/gedenken-potsdam-49-1-705x470.jpg 705w, https:\/\/d-photography.org\/web\/wp-content\/uploads\/2014\/02\/gedenken-potsdam-49-1-300x200.jpg 300w, https:\/\/d-photography.org\/web\/wp-content\/uploads\/2014\/02\/gedenken-potsdam-49-1-768x512.jpg 768w, https:\/\/d-photography.org\/web\/wp-content\/uploads\/2014\/02\/gedenken-potsdam-49-1-450x300.jpg 450w, https:\/\/d-photography.org\/web\/wp-content\/uploads\/2014\/02\/gedenken-potsdam-49-1.jpg 800w\" sizes=\"(max-width: 705px) 100vw, 705px\" \/><\/div><\/div><\/figure><\/a><!--end av-masonry entry--><a href=\"https:\/\/d-photography.org\/web\/wp-content\/uploads\/2014\/02\/gedenken-potsdam-41-1.jpg\" data-srcset=\"https:\/\/d-photography.org\/web\/wp-content\/uploads\/2014\/02\/gedenken-potsdam-41-1.jpg 800w, https:\/\/d-photography.org\/web\/wp-content\/uploads\/2014\/02\/gedenken-potsdam-41-1-300x200.jpg 300w, https:\/\/d-photography.org\/web\/wp-content\/uploads\/2014\/02\/gedenken-potsdam-41-1-768x512.jpg 768w, https:\/\/d-photography.org\/web\/wp-content\/uploads\/2014\/02\/gedenken-potsdam-41-1-705x470.jpg 705w, https:\/\/d-photography.org\/web\/wp-content\/uploads\/2014\/02\/gedenken-potsdam-41-1-450x300.jpg 450w\" data-sizes=\"(max-width: 800px) 100vw, 800px\"  aria-label=\"Bild gedenken potsdam-41\"  id='av-masonry-1-item-3170' data-av-masonry-item='3170' class='av-masonry-entry isotope-item post-3170 attachment type-attachment status-inherit hentry  av-masonry-item-with-image' title=\"gedenken potsdam-41\" alt=\"\"   itemprop=\"thumbnailUrl\" ><div class='av-inner-masonry-sizer'><\/div><figure class='av-inner-masonry main_color'><div class=\"av-masonry-outerimage-container\"><div class='av-masonry-image-container'   ><img decoding=\"async\" width=\"705\" height=\"470\" class=\"wp-image-3170 avia-img-lazy-loading-not-3170\"  src=\"https:\/\/d-photography.org\/web\/wp-content\/uploads\/2014\/02\/gedenken-potsdam-41-1-705x470.jpg\" title=\"gedenken potsdam-41\" alt=\"\" srcset=\"https:\/\/d-photography.org\/web\/wp-content\/uploads\/2014\/02\/gedenken-potsdam-41-1-705x470.jpg 705w, https:\/\/d-photography.org\/web\/wp-content\/uploads\/2014\/02\/gedenken-potsdam-41-1-300x200.jpg 300w, https:\/\/d-photography.org\/web\/wp-content\/uploads\/2014\/02\/gedenken-potsdam-41-1-768x512.jpg 768w, https:\/\/d-photography.org\/web\/wp-content\/uploads\/2014\/02\/gedenken-potsdam-41-1-450x300.jpg 450w, https:\/\/d-photography.org\/web\/wp-content\/uploads\/2014\/02\/gedenken-potsdam-41-1.jpg 800w\" sizes=\"(max-width: 705px) 100vw, 705px\" \/><\/div><\/div><\/figure><\/a><!--end av-masonry entry--><a href=\"https:\/\/d-photography.org\/web\/wp-content\/uploads\/2014\/02\/gedenken-potsdam-51-1.jpg\" data-srcset=\"https:\/\/d-photography.org\/web\/wp-content\/uploads\/2014\/02\/gedenken-potsdam-51-1.jpg 800w, https:\/\/d-photography.org\/web\/wp-content\/uploads\/2014\/02\/gedenken-potsdam-51-1-300x200.jpg 300w, https:\/\/d-photography.org\/web\/wp-content\/uploads\/2014\/02\/gedenken-potsdam-51-1-768x512.jpg 768w, https:\/\/d-photography.org\/web\/wp-content\/uploads\/2014\/02\/gedenken-potsdam-51-1-705x470.jpg 705w, https:\/\/d-photography.org\/web\/wp-content\/uploads\/2014\/02\/gedenken-potsdam-51-1-450x300.jpg 450w\" data-sizes=\"(max-width: 800px) 100vw, 800px\"  aria-label=\"Bild gedenken potsdam-51\"  id='av-masonry-1-item-3173' data-av-masonry-item='3173' class='av-masonry-entry isotope-item post-3173 attachment type-attachment status-inherit hentry  av-masonry-item-with-image' title=\"gedenken potsdam-51\" alt=\"\"   itemprop=\"thumbnailUrl\" ><div class='av-inner-masonry-sizer'><\/div><figure class='av-inner-masonry main_color'><div class=\"av-masonry-outerimage-container\"><div class='av-masonry-image-container'   ><img decoding=\"async\" width=\"705\" height=\"470\" class=\"wp-image-3173 avia-img-lazy-loading-not-3173\"  src=\"https:\/\/d-photography.org\/web\/wp-content\/uploads\/2014\/02\/gedenken-potsdam-51-1-705x470.jpg\" title=\"gedenken potsdam-51\" alt=\"\" srcset=\"https:\/\/d-photography.org\/web\/wp-content\/uploads\/2014\/02\/gedenken-potsdam-51-1-705x470.jpg 705w, https:\/\/d-photography.org\/web\/wp-content\/uploads\/2014\/02\/gedenken-potsdam-51-1-300x200.jpg 300w, https:\/\/d-photography.org\/web\/wp-content\/uploads\/2014\/02\/gedenken-potsdam-51-1-768x512.jpg 768w, https:\/\/d-photography.org\/web\/wp-content\/uploads\/2014\/02\/gedenken-potsdam-51-1-450x300.jpg 450w, https:\/\/d-photography.org\/web\/wp-content\/uploads\/2014\/02\/gedenken-potsdam-51-1.jpg 800w\" sizes=\"(max-width: 705px) 100vw, 705px\" \/><\/div><\/div><\/figure><\/a><!--end av-masonry entry--><a href=\"https:\/\/d-photography.org\/web\/wp-content\/uploads\/2014\/02\/gedenken-potsdam-58-1.jpg\" data-srcset=\"https:\/\/d-photography.org\/web\/wp-content\/uploads\/2014\/02\/gedenken-potsdam-58-1.jpg 800w, https:\/\/d-photography.org\/web\/wp-content\/uploads\/2014\/02\/gedenken-potsdam-58-1-300x200.jpg 300w, https:\/\/d-photography.org\/web\/wp-content\/uploads\/2014\/02\/gedenken-potsdam-58-1-768x512.jpg 768w, https:\/\/d-photography.org\/web\/wp-content\/uploads\/2014\/02\/gedenken-potsdam-58-1-705x470.jpg 705w, https:\/\/d-photography.org\/web\/wp-content\/uploads\/2014\/02\/gedenken-potsdam-58-1-450x300.jpg 450w\" data-sizes=\"(max-width: 800px) 100vw, 800px\"  aria-label=\"Bild gedenken potsdam-58\"  id='av-masonry-1-item-3177' data-av-masonry-item='3177' class='av-masonry-entry isotope-item post-3177 attachment type-attachment status-inherit hentry  av-masonry-item-with-image' title=\"gedenken potsdam-58\" alt=\"\"   itemprop=\"thumbnailUrl\" ><div class='av-inner-masonry-sizer'><\/div><figure class='av-inner-masonry main_color'><div class=\"av-masonry-outerimage-container\"><div class='av-masonry-image-container'   ><img decoding=\"async\" width=\"705\" height=\"470\" class=\"wp-image-3177 avia-img-lazy-loading-not-3177\"  src=\"https:\/\/d-photography.org\/web\/wp-content\/uploads\/2014\/02\/gedenken-potsdam-58-1-705x470.jpg\" title=\"gedenken potsdam-58\" alt=\"\" srcset=\"https:\/\/d-photography.org\/web\/wp-content\/uploads\/2014\/02\/gedenken-potsdam-58-1-705x470.jpg 705w, https:\/\/d-photography.org\/web\/wp-content\/uploads\/2014\/02\/gedenken-potsdam-58-1-300x200.jpg 300w, https:\/\/d-photography.org\/web\/wp-content\/uploads\/2014\/02\/gedenken-potsdam-58-1-768x512.jpg 768w, https:\/\/d-photography.org\/web\/wp-content\/uploads\/2014\/02\/gedenken-potsdam-58-1-450x300.jpg 450w, https:\/\/d-photography.org\/web\/wp-content\/uploads\/2014\/02\/gedenken-potsdam-58-1.jpg 800w\" sizes=\"(max-width: 705px) 100vw, 705px\" \/><\/div><\/div><\/figure><\/a><!--end av-masonry entry--><a href=\"https:\/\/d-photography.org\/web\/wp-content\/uploads\/2014\/02\/gedenken-potsdam-62-1.jpg\" data-srcset=\"https:\/\/d-photography.org\/web\/wp-content\/uploads\/2014\/02\/gedenken-potsdam-62-1.jpg 800w, https:\/\/d-photography.org\/web\/wp-content\/uploads\/2014\/02\/gedenken-potsdam-62-1-300x200.jpg 300w, https:\/\/d-photography.org\/web\/wp-content\/uploads\/2014\/02\/gedenken-potsdam-62-1-768x512.jpg 768w, https:\/\/d-photography.org\/web\/wp-content\/uploads\/2014\/02\/gedenken-potsdam-62-1-705x470.jpg 705w, https:\/\/d-photography.org\/web\/wp-content\/uploads\/2014\/02\/gedenken-potsdam-62-1-450x300.jpg 450w\" data-sizes=\"(max-width: 800px) 100vw, 800px\"  aria-label=\"Bild gedenken potsdam-62\"  id='av-masonry-1-item-3180' data-av-masonry-item='3180' class='av-masonry-entry isotope-item post-3180 attachment type-attachment status-inherit hentry  av-masonry-item-with-image' title=\"gedenken potsdam-62\" alt=\"\"   itemprop=\"thumbnailUrl\" ><div class='av-inner-masonry-sizer'><\/div><figure class='av-inner-masonry main_color'><div class=\"av-masonry-outerimage-container\"><div class='av-masonry-image-container'   ><img decoding=\"async\" width=\"705\" height=\"470\" class=\"wp-image-3180 avia-img-lazy-loading-not-3180\"  src=\"https:\/\/d-photography.org\/web\/wp-content\/uploads\/2014\/02\/gedenken-potsdam-62-1-705x470.jpg\" title=\"gedenken potsdam-62\" alt=\"\" srcset=\"https:\/\/d-photography.org\/web\/wp-content\/uploads\/2014\/02\/gedenken-potsdam-62-1-705x470.jpg 705w, https:\/\/d-photography.org\/web\/wp-content\/uploads\/2014\/02\/gedenken-potsdam-62-1-300x200.jpg 300w, https:\/\/d-photography.org\/web\/wp-content\/uploads\/2014\/02\/gedenken-potsdam-62-1-768x512.jpg 768w, https:\/\/d-photography.org\/web\/wp-content\/uploads\/2014\/02\/gedenken-potsdam-62-1-450x300.jpg 450w, https:\/\/d-photography.org\/web\/wp-content\/uploads\/2014\/02\/gedenken-potsdam-62-1.jpg 800w\" sizes=\"(max-width: 705px) 100vw, 705px\" \/><\/div><\/div><\/figure><\/a><!--end av-masonry entry--><a href=\"https:\/\/d-photography.org\/web\/wp-content\/uploads\/2014\/02\/gedenken-potsdam-59-1.jpg\" data-srcset=\"https:\/\/d-photography.org\/web\/wp-content\/uploads\/2014\/02\/gedenken-potsdam-59-1.jpg 800w, https:\/\/d-photography.org\/web\/wp-content\/uploads\/2014\/02\/gedenken-potsdam-59-1-300x200.jpg 300w, https:\/\/d-photography.org\/web\/wp-content\/uploads\/2014\/02\/gedenken-potsdam-59-1-768x512.jpg 768w, https:\/\/d-photography.org\/web\/wp-content\/uploads\/2014\/02\/gedenken-potsdam-59-1-705x470.jpg 705w, https:\/\/d-photography.org\/web\/wp-content\/uploads\/2014\/02\/gedenken-potsdam-59-1-450x300.jpg 450w\" data-sizes=\"(max-width: 800px) 100vw, 800px\"  aria-label=\"Bild gedenken potsdam-59\"  id='av-masonry-1-item-3178' data-av-masonry-item='3178' class='av-masonry-entry isotope-item post-3178 attachment type-attachment status-inherit hentry  av-masonry-item-with-image' title=\"gedenken potsdam-59\" alt=\"\"   itemprop=\"thumbnailUrl\" ><div class='av-inner-masonry-sizer'><\/div><figure class='av-inner-masonry main_color'><div class=\"av-masonry-outerimage-container\"><div class='av-masonry-image-container'   ><img decoding=\"async\" width=\"705\" height=\"470\" class=\"wp-image-3178 avia-img-lazy-loading-not-3178\"  src=\"https:\/\/d-photography.org\/web\/wp-content\/uploads\/2014\/02\/gedenken-potsdam-59-1-705x470.jpg\" title=\"gedenken potsdam-59\" alt=\"\" srcset=\"https:\/\/d-photography.org\/web\/wp-content\/uploads\/2014\/02\/gedenken-potsdam-59-1-705x470.jpg 705w, https:\/\/d-photography.org\/web\/wp-content\/uploads\/2014\/02\/gedenken-potsdam-59-1-300x200.jpg 300w, https:\/\/d-photography.org\/web\/wp-content\/uploads\/2014\/02\/gedenken-potsdam-59-1-768x512.jpg 768w, https:\/\/d-photography.org\/web\/wp-content\/uploads\/2014\/02\/gedenken-potsdam-59-1-450x300.jpg 450w, https:\/\/d-photography.org\/web\/wp-content\/uploads\/2014\/02\/gedenken-potsdam-59-1.jpg 800w\" sizes=\"(max-width: 705px) 100vw, 705px\" \/><\/div><\/div><\/figure><\/a><!--end av-masonry entry--><a href=\"https:\/\/d-photography.org\/web\/wp-content\/uploads\/2014\/02\/gedenken-potsdam-68-1.jpg\" data-srcset=\"https:\/\/d-photography.org\/web\/wp-content\/uploads\/2014\/02\/gedenken-potsdam-68-1.jpg 800w, https:\/\/d-photography.org\/web\/wp-content\/uploads\/2014\/02\/gedenken-potsdam-68-1-300x116.jpg 300w, https:\/\/d-photography.org\/web\/wp-content\/uploads\/2014\/02\/gedenken-potsdam-68-1-768x297.jpg 768w, https:\/\/d-photography.org\/web\/wp-content\/uploads\/2014\/02\/gedenken-potsdam-68-1-705x272.jpg 705w, https:\/\/d-photography.org\/web\/wp-content\/uploads\/2014\/02\/gedenken-potsdam-68-1-450x174.jpg 450w\" data-sizes=\"(max-width: 800px) 100vw, 800px\"  aria-label=\"Bild gedenken potsdam-68\"  id='av-masonry-1-item-3182' data-av-masonry-item='3182' class='av-masonry-entry isotope-item post-3182 attachment type-attachment status-inherit hentry  av-masonry-item-with-image' title=\"gedenken potsdam-68\" alt=\"\"   itemprop=\"thumbnailUrl\" ><div class='av-inner-masonry-sizer'><\/div><figure class='av-inner-masonry main_color'><div class=\"av-masonry-outerimage-container\"><div class='av-masonry-image-container'   ><img decoding=\"async\" width=\"705\" height=\"272\" class=\"wp-image-3182 avia-img-lazy-loading-not-3182\"  src=\"https:\/\/d-photography.org\/web\/wp-content\/uploads\/2014\/02\/gedenken-potsdam-68-1-705x272.jpg\" title=\"gedenken potsdam-68\" alt=\"\" srcset=\"https:\/\/d-photography.org\/web\/wp-content\/uploads\/2014\/02\/gedenken-potsdam-68-1-705x272.jpg 705w, https:\/\/d-photography.org\/web\/wp-content\/uploads\/2014\/02\/gedenken-potsdam-68-1-300x116.jpg 300w, https:\/\/d-photography.org\/web\/wp-content\/uploads\/2014\/02\/gedenken-potsdam-68-1-768x297.jpg 768w, https:\/\/d-photography.org\/web\/wp-content\/uploads\/2014\/02\/gedenken-potsdam-68-1-450x174.jpg 450w, https:\/\/d-photography.org\/web\/wp-content\/uploads\/2014\/02\/gedenken-potsdam-68-1.jpg 800w\" sizes=\"(max-width: 705px) 100vw, 705px\" \/><\/div><\/div><\/figure><\/a><!--end av-masonry entry--><a href=\"https:\/\/d-photography.org\/web\/wp-content\/uploads\/2014\/02\/gedenken-potsdam-67-1.jpg\" data-srcset=\"https:\/\/d-photography.org\/web\/wp-content\/uploads\/2014\/02\/gedenken-potsdam-67-1.jpg 800w, https:\/\/d-photography.org\/web\/wp-content\/uploads\/2014\/02\/gedenken-potsdam-67-1-300x131.jpg 300w, https:\/\/d-photography.org\/web\/wp-content\/uploads\/2014\/02\/gedenken-potsdam-67-1-768x334.jpg 768w, https:\/\/d-photography.org\/web\/wp-content\/uploads\/2014\/02\/gedenken-potsdam-67-1-705x307.jpg 705w, https:\/\/d-photography.org\/web\/wp-content\/uploads\/2014\/02\/gedenken-potsdam-67-1-450x196.jpg 450w\" data-sizes=\"(max-width: 800px) 100vw, 800px\"  aria-label=\"Bild gedenken potsdam-67\"  id='av-masonry-1-item-3181' data-av-masonry-item='3181' class='av-masonry-entry isotope-item post-3181 attachment type-attachment status-inherit hentry  av-masonry-item-with-image' title=\"gedenken potsdam-67\" alt=\"\"   itemprop=\"thumbnailUrl\" ><div class='av-inner-masonry-sizer'><\/div><figure class='av-inner-masonry main_color'><div class=\"av-masonry-outerimage-container\"><div class='av-masonry-image-container'   ><img decoding=\"async\" width=\"705\" height=\"307\" class=\"wp-image-3181 avia-img-lazy-loading-not-3181\"  src=\"https:\/\/d-photography.org\/web\/wp-content\/uploads\/2014\/02\/gedenken-potsdam-67-1-705x307.jpg\" title=\"gedenken potsdam-67\" alt=\"\" srcset=\"https:\/\/d-photography.org\/web\/wp-content\/uploads\/2014\/02\/gedenken-potsdam-67-1-705x307.jpg 705w, https:\/\/d-photography.org\/web\/wp-content\/uploads\/2014\/02\/gedenken-potsdam-67-1-300x131.jpg 300w, https:\/\/d-photography.org\/web\/wp-content\/uploads\/2014\/02\/gedenken-potsdam-67-1-768x334.jpg 768w, https:\/\/d-photography.org\/web\/wp-content\/uploads\/2014\/02\/gedenken-potsdam-67-1-450x196.jpg 450w, https:\/\/d-photography.org\/web\/wp-content\/uploads\/2014\/02\/gedenken-potsdam-67-1.jpg 800w\" sizes=\"(max-width: 705px) 100vw, 705px\" \/><\/div><\/div><\/figure><\/a><!--end av-masonry entry--><a href=\"https:\/\/d-photography.org\/web\/wp-content\/uploads\/2014\/02\/gedenken-potsdam-70-1.jpg\" data-srcset=\"https:\/\/d-photography.org\/web\/wp-content\/uploads\/2014\/02\/gedenken-potsdam-70-1.jpg 800w, https:\/\/d-photography.org\/web\/wp-content\/uploads\/2014\/02\/gedenken-potsdam-70-1-300x110.jpg 300w, https:\/\/d-photography.org\/web\/wp-content\/uploads\/2014\/02\/gedenken-potsdam-70-1-768x281.jpg 768w, https:\/\/d-photography.org\/web\/wp-content\/uploads\/2014\/02\/gedenken-potsdam-70-1-705x258.jpg 705w, https:\/\/d-photography.org\/web\/wp-content\/uploads\/2014\/02\/gedenken-potsdam-70-1-450x165.jpg 450w\" data-sizes=\"(max-width: 800px) 100vw, 800px\"  aria-label=\"Bild gedenken potsdam-70\"  id='av-masonry-1-item-3183' data-av-masonry-item='3183' class='av-masonry-entry isotope-item post-3183 attachment type-attachment status-inherit hentry  av-masonry-item-with-image' title=\"gedenken potsdam-70\" alt=\"\"   itemprop=\"thumbnailUrl\" ><div class='av-inner-masonry-sizer'><\/div><figure class='av-inner-masonry main_color'><div class=\"av-masonry-outerimage-container\"><div class='av-masonry-image-container'   ><img decoding=\"async\" width=\"705\" height=\"258\" class=\"wp-image-3183 avia-img-lazy-loading-not-3183\"  src=\"https:\/\/d-photography.org\/web\/wp-content\/uploads\/2014\/02\/gedenken-potsdam-70-1-705x258.jpg\" title=\"gedenken potsdam-70\" alt=\"\" srcset=\"https:\/\/d-photography.org\/web\/wp-content\/uploads\/2014\/02\/gedenken-potsdam-70-1-705x258.jpg 705w, https:\/\/d-photography.org\/web\/wp-content\/uploads\/2014\/02\/gedenken-potsdam-70-1-300x110.jpg 300w, https:\/\/d-photography.org\/web\/wp-content\/uploads\/2014\/02\/gedenken-potsdam-70-1-768x281.jpg 768w, https:\/\/d-photography.org\/web\/wp-content\/uploads\/2014\/02\/gedenken-potsdam-70-1-450x165.jpg 450w, https:\/\/d-photography.org\/web\/wp-content\/uploads\/2014\/02\/gedenken-potsdam-70-1.jpg 800w\" sizes=\"(max-width: 705px) 100vw, 705px\" \/><\/div><\/div><\/figure><\/a><!--end av-masonry entry--><a href=\"https:\/\/d-photography.org\/web\/wp-content\/uploads\/2014\/02\/gedenken-potsdam-60-1.jpg\" data-srcset=\"https:\/\/d-photography.org\/web\/wp-content\/uploads\/2014\/02\/gedenken-potsdam-60-1.jpg 800w, https:\/\/d-photography.org\/web\/wp-content\/uploads\/2014\/02\/gedenken-potsdam-60-1-300x200.jpg 300w, https:\/\/d-photography.org\/web\/wp-content\/uploads\/2014\/02\/gedenken-potsdam-60-1-768x512.jpg 768w, https:\/\/d-photography.org\/web\/wp-content\/uploads\/2014\/02\/gedenken-potsdam-60-1-705x470.jpg 705w, https:\/\/d-photography.org\/web\/wp-content\/uploads\/2014\/02\/gedenken-potsdam-60-1-450x300.jpg 450w\" data-sizes=\"(max-width: 800px) 100vw, 800px\"  aria-label=\"Bild gedenken potsdam-60\"  id='av-masonry-1-item-3179' data-av-masonry-item='3179' class='av-masonry-entry isotope-item post-3179 attachment type-attachment status-inherit hentry  av-masonry-item-with-image' title=\"gedenken potsdam-60\" alt=\"\"   itemprop=\"thumbnailUrl\" ><div class='av-inner-masonry-sizer'><\/div><figure class='av-inner-masonry main_color'><div class=\"av-masonry-outerimage-container\"><div class='av-masonry-image-container'   ><img decoding=\"async\" width=\"705\" height=\"470\" class=\"wp-image-3179 avia-img-lazy-loading-not-3179\"  src=\"https:\/\/d-photography.org\/web\/wp-content\/uploads\/2014\/02\/gedenken-potsdam-60-1-705x470.jpg\" title=\"gedenken potsdam-60\" alt=\"\" srcset=\"https:\/\/d-photography.org\/web\/wp-content\/uploads\/2014\/02\/gedenken-potsdam-60-1-705x470.jpg 705w, https:\/\/d-photography.org\/web\/wp-content\/uploads\/2014\/02\/gedenken-potsdam-60-1-300x200.jpg 300w, https:\/\/d-photography.org\/web\/wp-content\/uploads\/2014\/02\/gedenken-potsdam-60-1-768x512.jpg 768w, https:\/\/d-photography.org\/web\/wp-content\/uploads\/2014\/02\/gedenken-potsdam-60-1-450x300.jpg 450w, https:\/\/d-photography.org\/web\/wp-content\/uploads\/2014\/02\/gedenken-potsdam-60-1.jpg 800w\" sizes=\"(max-width: 705px) 100vw, 705px\" \/><\/div><\/div><\/figure><\/a><!--end av-masonry entry--><a href=\"https:\/\/d-photography.org\/web\/wp-content\/uploads\/2014\/02\/gedenken-potsdam-16-1.jpg\" data-srcset=\"https:\/\/d-photography.org\/web\/wp-content\/uploads\/2014\/02\/gedenken-potsdam-16-1.jpg 800w, https:\/\/d-photography.org\/web\/wp-content\/uploads\/2014\/02\/gedenken-potsdam-16-1-300x200.jpg 300w, https:\/\/d-photography.org\/web\/wp-content\/uploads\/2014\/02\/gedenken-potsdam-16-1-768x512.jpg 768w, https:\/\/d-photography.org\/web\/wp-content\/uploads\/2014\/02\/gedenken-potsdam-16-1-705x470.jpg 705w, https:\/\/d-photography.org\/web\/wp-content\/uploads\/2014\/02\/gedenken-potsdam-16-1-450x300.jpg 450w\" data-sizes=\"(max-width: 800px) 100vw, 800px\"  aria-label=\"Bild gedenken potsdam-16\"  id='av-masonry-1-item-3164' data-av-masonry-item='3164' class='av-masonry-entry isotope-item post-3164 attachment type-attachment status-inherit hentry  av-masonry-item-with-image' title=\"gedenken potsdam-16\" alt=\"\"   itemprop=\"thumbnailUrl\" ><div class='av-inner-masonry-sizer'><\/div><figure class='av-inner-masonry main_color'><div class=\"av-masonry-outerimage-container\"><div class='av-masonry-image-container'   ><img decoding=\"async\" width=\"705\" height=\"470\" class=\"wp-image-3164 avia-img-lazy-loading-not-3164\"  src=\"https:\/\/d-photography.org\/web\/wp-content\/uploads\/2014\/02\/gedenken-potsdam-16-1-705x470.jpg\" title=\"gedenken potsdam-16\" alt=\"\" srcset=\"https:\/\/d-photography.org\/web\/wp-content\/uploads\/2014\/02\/gedenken-potsdam-16-1-705x470.jpg 705w, https:\/\/d-photography.org\/web\/wp-content\/uploads\/2014\/02\/gedenken-potsdam-16-1-300x200.jpg 300w, https:\/\/d-photography.org\/web\/wp-content\/uploads\/2014\/02\/gedenken-potsdam-16-1-768x512.jpg 768w, https:\/\/d-photography.org\/web\/wp-content\/uploads\/2014\/02\/gedenken-potsdam-16-1-450x300.jpg 450w, https:\/\/d-photography.org\/web\/wp-content\/uploads\/2014\/02\/gedenken-potsdam-16-1.jpg 800w\" sizes=\"(max-width: 705px) 100vw, 705px\" \/><\/div><\/div><\/figure><\/a><!--end av-masonry entry--><a href=\"https:\/\/d-photography.org\/web\/wp-content\/uploads\/2014\/02\/gedenken-potsdam-3-1.jpg\" data-srcset=\"https:\/\/d-photography.org\/web\/wp-content\/uploads\/2014\/02\/gedenken-potsdam-3-1.jpg 800w, https:\/\/d-photography.org\/web\/wp-content\/uploads\/2014\/02\/gedenken-potsdam-3-1-300x200.jpg 300w, https:\/\/d-photography.org\/web\/wp-content\/uploads\/2014\/02\/gedenken-potsdam-3-1-768x512.jpg 768w, https:\/\/d-photography.org\/web\/wp-content\/uploads\/2014\/02\/gedenken-potsdam-3-1-705x470.jpg 705w, https:\/\/d-photography.org\/web\/wp-content\/uploads\/2014\/02\/gedenken-potsdam-3-1-450x300.jpg 450w\" data-sizes=\"(max-width: 800px) 100vw, 800px\"  aria-label=\"Bild gedenken potsdam-3\"  id='av-masonry-1-item-3160' data-av-masonry-item='3160' class='av-masonry-entry isotope-item post-3160 attachment type-attachment status-inherit hentry  av-masonry-item-with-image' title=\"gedenken potsdam-3\" alt=\"\"   itemprop=\"thumbnailUrl\" ><div class='av-inner-masonry-sizer'><\/div><figure class='av-inner-masonry main_color'><div class=\"av-masonry-outerimage-container\"><div class='av-masonry-image-container'   ><img decoding=\"async\" width=\"705\" height=\"470\" class=\"wp-image-3160 avia-img-lazy-loading-not-3160\"  src=\"https:\/\/d-photography.org\/web\/wp-content\/uploads\/2014\/02\/gedenken-potsdam-3-1-705x470.jpg\" title=\"gedenken potsdam-3\" alt=\"\" srcset=\"https:\/\/d-photography.org\/web\/wp-content\/uploads\/2014\/02\/gedenken-potsdam-3-1-705x470.jpg 705w, https:\/\/d-photography.org\/web\/wp-content\/uploads\/2014\/02\/gedenken-potsdam-3-1-300x200.jpg 300w, https:\/\/d-photography.org\/web\/wp-content\/uploads\/2014\/02\/gedenken-potsdam-3-1-768x512.jpg 768w, https:\/\/d-photography.org\/web\/wp-content\/uploads\/2014\/02\/gedenken-potsdam-3-1-450x300.jpg 450w, https:\/\/d-photography.org\/web\/wp-content\/uploads\/2014\/02\/gedenken-potsdam-3-1.jpg 800w\" sizes=\"(max-width: 705px) 100vw, 705px\" \/><\/div><\/div><\/figure><\/a><!--end av-masonry entry--><a href=\"https:\/\/d-photography.org\/web\/wp-content\/uploads\/2014\/02\/gedenken-potsdam-2-1.jpg\" data-srcset=\"https:\/\/d-photography.org\/web\/wp-content\/uploads\/2014\/02\/gedenken-potsdam-2-1.jpg 800w, https:\/\/d-photography.org\/web\/wp-content\/uploads\/2014\/02\/gedenken-potsdam-2-1-300x200.jpg 300w, https:\/\/d-photography.org\/web\/wp-content\/uploads\/2014\/02\/gedenken-potsdam-2-1-768x512.jpg 768w, https:\/\/d-photography.org\/web\/wp-content\/uploads\/2014\/02\/gedenken-potsdam-2-1-705x470.jpg 705w, https:\/\/d-photography.org\/web\/wp-content\/uploads\/2014\/02\/gedenken-potsdam-2-1-450x300.jpg 450w\" data-sizes=\"(max-width: 800px) 100vw, 800px\"  aria-label=\"Bild gedenken potsdam-2\"  id='av-masonry-1-item-3159' data-av-masonry-item='3159' class='av-masonry-entry isotope-item post-3159 attachment type-attachment status-inherit hentry  av-masonry-item-with-image' title=\"gedenken potsdam-2\" alt=\"\"   itemprop=\"thumbnailUrl\" ><div class='av-inner-masonry-sizer'><\/div><figure class='av-inner-masonry main_color'><div class=\"av-masonry-outerimage-container\"><div class='av-masonry-image-container'   ><img decoding=\"async\" width=\"705\" height=\"470\" class=\"wp-image-3159 avia-img-lazy-loading-not-3159\"  src=\"https:\/\/d-photography.org\/web\/wp-content\/uploads\/2014\/02\/gedenken-potsdam-2-1-705x470.jpg\" title=\"gedenken potsdam-2\" alt=\"\" srcset=\"https:\/\/d-photography.org\/web\/wp-content\/uploads\/2014\/02\/gedenken-potsdam-2-1-705x470.jpg 705w, https:\/\/d-photography.org\/web\/wp-content\/uploads\/2014\/02\/gedenken-potsdam-2-1-300x200.jpg 300w, https:\/\/d-photography.org\/web\/wp-content\/uploads\/2014\/02\/gedenken-potsdam-2-1-768x512.jpg 768w, https:\/\/d-photography.org\/web\/wp-content\/uploads\/2014\/02\/gedenken-potsdam-2-1-450x300.jpg 450w, https:\/\/d-photography.org\/web\/wp-content\/uploads\/2014\/02\/gedenken-potsdam-2-1.jpg 800w\" sizes=\"(max-width: 705px) 100vw, 705px\" \/><\/div><\/div><\/figure><\/a><!--end av-masonry entry--><a href=\"https:\/\/d-photography.org\/web\/wp-content\/uploads\/2014\/02\/gedenken-potsdam-8-1.jpg\" data-srcset=\"https:\/\/d-photography.org\/web\/wp-content\/uploads\/2014\/02\/gedenken-potsdam-8-1.jpg 800w, https:\/\/d-photography.org\/web\/wp-content\/uploads\/2014\/02\/gedenken-potsdam-8-1-300x200.jpg 300w, https:\/\/d-photography.org\/web\/wp-content\/uploads\/2014\/02\/gedenken-potsdam-8-1-768x512.jpg 768w, https:\/\/d-photography.org\/web\/wp-content\/uploads\/2014\/02\/gedenken-potsdam-8-1-705x470.jpg 705w, https:\/\/d-photography.org\/web\/wp-content\/uploads\/2014\/02\/gedenken-potsdam-8-1-450x300.jpg 450w\" data-sizes=\"(max-width: 800px) 100vw, 800px\"  aria-label=\"Bild gedenken potsdam-8\"  id='av-masonry-1-item-3161' data-av-masonry-item='3161' class='av-masonry-entry isotope-item post-3161 attachment type-attachment status-inherit hentry  av-masonry-item-with-image' title=\"gedenken potsdam-8\" alt=\"\"   itemprop=\"thumbnailUrl\" ><div class='av-inner-masonry-sizer'><\/div><figure class='av-inner-masonry main_color'><div class=\"av-masonry-outerimage-container\"><div class='av-masonry-image-container'   ><img decoding=\"async\" width=\"705\" height=\"470\" class=\"wp-image-3161 avia-img-lazy-loading-not-3161\"  src=\"https:\/\/d-photography.org\/web\/wp-content\/uploads\/2014\/02\/gedenken-potsdam-8-1-705x470.jpg\" title=\"gedenken potsdam-8\" alt=\"\" srcset=\"https:\/\/d-photography.org\/web\/wp-content\/uploads\/2014\/02\/gedenken-potsdam-8-1-705x470.jpg 705w, https:\/\/d-photography.org\/web\/wp-content\/uploads\/2014\/02\/gedenken-potsdam-8-1-300x200.jpg 300w, https:\/\/d-photography.org\/web\/wp-content\/uploads\/2014\/02\/gedenken-potsdam-8-1-768x512.jpg 768w, https:\/\/d-photography.org\/web\/wp-content\/uploads\/2014\/02\/gedenken-potsdam-8-1-450x300.jpg 450w, https:\/\/d-photography.org\/web\/wp-content\/uploads\/2014\/02\/gedenken-potsdam-8-1.jpg 800w\" sizes=\"(max-width: 705px) 100vw, 705px\" \/><\/div><\/div><\/figure><\/a><!--end av-masonry entry--><\/div><div class='av-masonry-pagination av-masonry-pagination-pagination'><nav class='pagination'><span class='pagination-meta'>Seite 1 von 2<\/span><span class='current'>1<\/span><a href='https:\/\/d-photography.org\/web\/wp-json\/wp\/v2\/portfolio\/5413\/?avia-element-paging=2' class='inactive next_page' >2<\/a><\/nav>\n<\/div><\/div>\n<\/div><\/div><\/div><div id='after_grid_row_1'  class='main_color av_default_container_wrap container_wrap fullsize'  ><div class='container av-section-cont-open' ><div class='template-page content  av-content-full alpha units'><div class='post-entry post-entry-type-page post-entry-5413'><div class='entry-content-wrapper clearfix'><section  class='av_textblock_section av-fvaj75-bab86d97281802be9c82f17622dbe6a6'  itemscope=\"itemscope\" itemtype=\"https:\/\/schema.org\/CreativeWork\" ><div class='avia_textblock'  itemprop=\"text\" ><p><strong>Gedenk- und Begegnungsst\u00e4tte Leistikowstra\u00dfe Potsdam<\/strong><br \/>\nIm Dezember 2008 wurde die Stiftung Gedenk- und Begegnungsst\u00e4tte Leistikowstra\u00dfe gegr\u00fcndet, die von der Stiftung Brandenburgische Gedenkst\u00e4tten treuh\u00e4nderisch verwaltet wird. Stifter ist der Evangelisch-Kirchlichen Hilfsverein (EKH), der als Eigent\u00fcmer das ehemalige Untersuchungsgef\u00e4ngnis und das Besucherzentrum in die neue Stiftung einbringt.<br \/>\nSeit April 2012 informiert die Dauerausstellung \u201eSowjetisches Untersuchungsgef\u00e4ngnis Leistikowstra\u00dfe Potsdam\u201c \u00fcber die Geschichte des Haftortes und das Schicksal der H\u00e4ftlinge.<\/p>\n<p><strong>Client:<\/strong> GE Lighting | Gedenk- und Begegnungsst\u00e4tte Leistikowstra\u00dfe Potsdam<\/p>\n<\/div><\/section><\/div><\/div><\/div><!-- close content main div --><\/div><\/div>\n<style type=\"text\/css\" data-created_by=\"avia_inline_auto\" id=\"style-css-av-7sdxb5-9a1374120446bf4585e85e34925ac40e\">\n.avia-section.av-7sdxb5-9a1374120446bf4585e85e34925ac40e{\nbackground-color:#000000;\n}\n<\/style>\n<div id='av_section_2'  class='avia-section av-7sdxb5-9a1374120446bf4585e85e34925ac40e main_color avia-section-default avia-no-border-styling  avia-builder-el-9  el_after_av_textblock  el_before_av_masonry_entries  avia-bg-style-scroll container_wrap fullsize'  ><div class='container av-section-cont-open' ><div class='template-page content  av-content-full alpha units'><div class='post-entry post-entry-type-page post-entry-5413'><div class='entry-content-wrapper clearfix'>\n<style type=\"text\/css\" data-created_by=\"avia_inline_auto\" id=\"style-css-av-5qyqzl-f8b1d1b3fffa3bb65e3f88fa18cd5ae6\">\n#top .av-special-heading.av-5qyqzl-f8b1d1b3fffa3bb65e3f88fa18cd5ae6{\npadding-bottom:0px;\nfont-size:30px;\n}\nbody .av-special-heading.av-5qyqzl-f8b1d1b3fffa3bb65e3f88fa18cd5ae6 .av-special-heading-tag .heading-char{\nfont-size:25px;\n}\n#top #wrap_all .av-special-heading.av-5qyqzl-f8b1d1b3fffa3bb65e3f88fa18cd5ae6 .av-special-heading-tag{\nfont-size:30px;\n}\n.av-special-heading.av-5qyqzl-f8b1d1b3fffa3bb65e3f88fa18cd5ae6 .av-subheading{\nfont-size:14px;\n}\n<\/style>\n<div  class='av-special-heading av-5qyqzl-f8b1d1b3fffa3bb65e3f88fa18cd5ae6 av-special-heading-h3 blockquote modern-quote modern-centered  avia-builder-el-10  el_before_av_hr  avia-builder-el-first  av-inherit-size'><h3 class='av-special-heading-tag'  itemprop=\"headline\"  >Recent Projects that might interest you<\/h3><div class=\"special-heading-border\"><div class=\"special-heading-inner-border\"><\/div><\/div><\/div>\n<style type=\"text\/css\" data-created_by=\"avia_inline_auto\" id=\"style-css-av-3vdme9-9dd75bfa08f7cd6c9e59284fb8c8c785\">\n#top .hr.av-3vdme9-9dd75bfa08f7cd6c9e59284fb8c8c785{\nmargin-top:20px;\nmargin-bottom:30px;\n}\n.hr.av-3vdme9-9dd75bfa08f7cd6c9e59284fb8c8c785 .hr-inner{\nwidth:20px;\nborder-color:#ffffff;\n}\n<\/style>\n<div  class='hr av-3vdme9-9dd75bfa08f7cd6c9e59284fb8c8c785 hr-custom  avia-builder-el-11  el_after_av_heading  avia-builder-el-last  hr-center hr-icon-no'><span class='hr-inner inner-border-av-border-fat'><span class=\"hr-inner-style\"><\/span><\/span><\/div><div id='av-masonry-2' class='av-masonry av-2bdsy9-0c304030a21f004bae4f82dff6069ad1 noHover av-fixed-size av-no-gap av-hover-overlay-active av-masonry-animation-active av-masonry-col-6 av-caption-on-hover av-caption-style-overlay av-masonry-entries av-orientation-square '><div class=\"av-masonry-container isotope av-js-disabled\"><div class='av-masonry-entry isotope-item av-masonry-item-no-image '><\/div><a href=\"https:\/\/d-photography.org\/web\/portfolio-item\/shooting-mit-ministerin-baetzing-lichtenthaeler\/\"  id='av-masonry-2-item-6480' data-av-masonry-item='6480' class='av-masonry-entry isotope-item post-6480 portfolio type-portfolio status-publish has-post-thumbnail hentry portfolio_entries-business portfolio_entries-people  av-masonry-item-with-image' title=\"Fotoshooting-Demografieministerin-31\"  itemscope=\"itemscope\" itemtype=\"https:\/\/schema.org\/CreativeWork\" ><div class='av-inner-masonry-sizer'><\/div><figure class='av-inner-masonry main_color'><div class=\"av-masonry-outerimage-container\"><div class='av-masonry-image-container' style=\"background-image: url(https:\/\/d-photography.org\/web\/wp-content\/uploads\/2017\/06\/Fotoshooting-Demografieministerin-31-705x470.jpg);\"  title=\"Fotoshooting-Demografieministerin-31\"  ><\/div><\/div><figcaption class='av-inner-masonry-content site-background'><div class='av-inner-masonry-content-pos'><div class='av-inner-masonry-content-pos-content'><div class='avia-arrow'><\/div><h3 class='av-masonry-entry-title entry-title '  itemprop=\"headline\" >Shooting mit Ministerin B\u00e4tzing-Lichtenth\u00e4ler<\/h3><\/div><\/div><\/figcaption><\/figure><\/a><!--end av-masonry entry--><a href=\"https:\/\/d-photography.org\/web\/portfolio-item\/abu-hamour-quick-service-center\/\"  id='av-masonry-2-item-1482' data-av-masonry-item='1482' class='av-masonry-entry isotope-item post-1482 portfolio type-portfolio status-publish has-post-thumbnail hentry portfolio_entries-industry  av-masonry-item-with-image' title=\"Car-Service-Center-30-1\"  itemscope=\"itemscope\" itemtype=\"https:\/\/schema.org\/CreativeWork\" ><div class='av-inner-masonry-sizer'><\/div><figure class='av-inner-masonry main_color'><div class=\"av-masonry-outerimage-container\"><div class='av-masonry-image-container' style=\"background-image: url(https:\/\/d-photography.org\/web\/wp-content\/uploads\/2014\/02\/Car-Service-Center-30-1-1-705x470.jpg);\"  title=\"Car-Service-Center-30-1\"  ><\/div><\/div><figcaption class='av-inner-masonry-content site-background'><div class='av-inner-masonry-content-pos'><div class='av-inner-masonry-content-pos-content'><div class='avia-arrow'><\/div><h3 class='av-masonry-entry-title entry-title '  itemprop=\"headline\" >Abu Hamour Quick Service Center<\/h3><\/div><\/div><\/figcaption><\/figure><\/a><!--end av-masonry entry--><a href=\"https:\/\/d-photography.org\/web\/portfolio-item\/recruiting-kampagne-compass-group\/\"  id='av-masonry-2-item-7541' data-av-masonry-item='7541' class='av-masonry-entry isotope-item post-7541 portfolio type-portfolio status-publish has-post-thumbnail hentry portfolio_entries-people  av-masonry-item-with-image' title=\"Kampagnenshooting Compass-45\"  itemscope=\"itemscope\" itemtype=\"https:\/\/schema.org\/CreativeWork\" ><div class='av-inner-masonry-sizer'><\/div><figure class='av-inner-masonry main_color'><div class=\"av-masonry-outerimage-container\"><div class='av-masonry-image-container' style=\"background-image: url(https:\/\/d-photography.org\/web\/wp-content\/uploads\/2024\/07\/Kampagnenshooting-Compass-45-705x470.jpg);\"  title=\"Kampagnenshooting Compass-45\"  ><\/div><\/div><figcaption class='av-inner-masonry-content site-background'><div class='av-inner-masonry-content-pos'><div class='av-inner-masonry-content-pos-content'><div class='avia-arrow'><\/div><h3 class='av-masonry-entry-title entry-title '  itemprop=\"headline\" >Recruiting Kampagne Compass Group<\/h3><\/div><\/div><\/figcaption><\/figure><\/a><!--end av-masonry entry--><a href=\"https:\/\/d-photography.org\/web\/portfolio-item\/1182\/\"  id='av-masonry-2-item-1182' data-av-masonry-item='1182' class='av-masonry-entry isotope-item post-1182 portfolio type-portfolio status-publish has-post-thumbnail hentry portfolio_entries-business  av-masonry-item-with-image' title=\"Shooting Tobias Kube-207\"  itemscope=\"itemscope\" itemtype=\"https:\/\/schema.org\/CreativeWork\" ><div class='av-inner-masonry-sizer'><\/div><figure class='av-inner-masonry main_color'><div class=\"av-masonry-outerimage-container\"><div class='av-masonry-image-container' style=\"background-image: url(https:\/\/d-photography.org\/web\/wp-content\/uploads\/2014\/02\/Shooting-Tobias-Kube-207-1-705x470.jpg);\"  title=\"Shooting Tobias Kube-207\"  ><\/div><\/div><figcaption class='av-inner-masonry-content site-background'><div class='av-inner-masonry-content-pos'><div class='av-inner-masonry-content-pos-content'><div class='avia-arrow'><\/div><h3 class='av-masonry-entry-title entry-title '  itemprop=\"headline\" >Portraits &#8211; Business Cars AG Switzerland<\/h3><\/div><\/div><\/figcaption><\/figure><\/a><!--end av-masonry entry--><a href=\"https:\/\/d-photography.org\/web\/portfolio-item\/kampagnenshooting-suedzucker-ag\/\"  id='av-masonry-2-item-7594' data-av-masonry-item='7594' class='av-masonry-entry isotope-item post-7594 portfolio type-portfolio status-publish has-post-thumbnail hentry portfolio_entries-industry portfolio_entries-reportage  av-masonry-item-with-image' title=\"Fotos Ru\u0308benernte-99\"  itemscope=\"itemscope\" itemtype=\"https:\/\/schema.org\/CreativeWork\" ><div class='av-inner-masonry-sizer'><\/div><figure class='av-inner-masonry main_color'><div class=\"av-masonry-outerimage-container\"><div class='av-masonry-image-container' style=\"background-image: url(https:\/\/d-photography.org\/web\/wp-content\/uploads\/2025\/01\/Fotos-Ruebenernte-99-705x470.jpg);\"  title=\"Fotos Ru\u0308benernte-99\"  ><\/div><\/div><figcaption class='av-inner-masonry-content site-background'><div class='av-inner-masonry-content-pos'><div class='av-inner-masonry-content-pos-content'><div class='avia-arrow'><\/div><h3 class='av-masonry-entry-title entry-title '  itemprop=\"headline\" >Kampagnenshooting S\u00fcdzucker AG<\/h3><\/div><\/div><\/figcaption><\/figure><\/a><!--end av-masonry entry--><a href=\"https:\/\/d-photography.org\/web\/portfolio-item\/mountainbiking\/\"  id='av-masonry-2-item-1487' data-av-masonry-item='1487' class='av-masonry-entry isotope-item post-1487 portfolio type-portfolio status-publish has-post-thumbnail hentry portfolio_entries-people  av-masonry-item-with-image' title=\"IMG_4640b\"  itemscope=\"itemscope\" itemtype=\"https:\/\/schema.org\/CreativeWork\" ><div class='av-inner-masonry-sizer'><\/div><figure class='av-inner-masonry main_color'><div class=\"av-masonry-outerimage-container\"><div class='av-masonry-image-container' style=\"background-image: url(https:\/\/d-photography.org\/web\/wp-content\/uploads\/2014\/02\/IMG_4640b1-1-705x470.jpg);\"  title=\"IMG_4640b\"  ><\/div><\/div><figcaption class='av-inner-masonry-content site-background'><div class='av-inner-masonry-content-pos'><div class='av-inner-masonry-content-pos-content'><div class='avia-arrow'><\/div><h3 class='av-masonry-entry-title entry-title '  itemprop=\"headline\" >Mountainbiking<\/h3><\/div><\/div><\/figcaption><\/figure><\/a><!--end av-masonry entry--><a href=\"https:\/\/vimeo.com\/203103907\"  id='av-masonry-2-item-2464' data-av-masonry-item='2464' class='av-masonry-entry isotope-item post-2464 portfolio type-portfolio status-publish has-post-thumbnail hentry portfolio_entries-video  av-masonry-item-with-image' title=\"Video-Trebur\"  itemscope=\"itemscope\" itemtype=\"https:\/\/schema.org\/CreativeWork\" ><div class='av-inner-masonry-sizer'><\/div><figure class='av-inner-masonry main_color'><div class=\"av-masonry-outerimage-container\"><div class='av-masonry-image-container' style=\"background-image: url(https:\/\/d-photography.org\/web\/wp-content\/uploads\/2018\/07\/Video-Trebur.png);\"  title=\"Video-Trebur\"  ><\/div><\/div><figcaption class='av-inner-masonry-content site-background'><div class='av-inner-masonry-content-pos'><div class='av-inner-masonry-content-pos-content'><div class='avia-arrow'><\/div><h3 class='av-masonry-entry-title entry-title '  itemprop=\"headline\" >Make Trebur Great Again<\/h3><\/div><\/div><\/figcaption><\/figure><\/a><!--end av-masonry entry--><a href=\"https:\/\/d-photography.org\/web\/portfolio-item\/eventproducts\/\"  id='av-masonry-2-item-1341' data-av-masonry-item='1341' class='av-masonry-entry isotope-item post-1341 portfolio type-portfolio status-publish has-post-thumbnail hentry portfolio_entries-products  av-masonry-item-with-image' title=\"Beta-Version-7\"  itemscope=\"itemscope\" itemtype=\"https:\/\/schema.org\/CreativeWork\" ><div class='av-inner-masonry-sizer'><\/div><figure class='av-inner-masonry main_color'><div class=\"av-masonry-outerimage-container\"><div class='av-masonry-image-container' style=\"background-image: url(https:\/\/d-photography.org\/web\/wp-content\/uploads\/2014\/02\/Beta-Version-71-1-705x470.jpg);\"  title=\"Beta-Version-7\"  ><\/div><\/div><figcaption class='av-inner-masonry-content site-background'><div class='av-inner-masonry-content-pos'><div class='av-inner-masonry-content-pos-content'><div class='avia-arrow'><\/div><h3 class='av-masonry-entry-title entry-title '  itemprop=\"headline\" >Eventproducts<\/h3><\/div><\/div><\/figcaption><\/figure><\/a><!--end av-masonry entry--><a href=\"https:\/\/d-photography.org\/web\/portfolio-item\/summerpicknick\/\"  id='av-masonry-2-item-1881' data-av-masonry-item='1881' class='av-masonry-entry isotope-item post-1881 portfolio type-portfolio status-publish has-post-thumbnail hentry portfolio_entries-people  av-masonry-item-with-image' title=\"IMG_5209b\"  itemscope=\"itemscope\" itemtype=\"https:\/\/schema.org\/CreativeWork\" ><div class='av-inner-masonry-sizer'><\/div><figure class='av-inner-masonry main_color'><div class=\"av-masonry-outerimage-container\"><div class='av-masonry-image-container' style=\"background-image: url(https:\/\/d-photography.org\/web\/wp-content\/uploads\/2014\/02\/IMG_5209b1-1-705x470.jpg);\"  title=\"IMG_5209b\"  ><\/div><\/div><figcaption class='av-inner-masonry-content site-background'><div class='av-inner-masonry-content-pos'><div class='av-inner-masonry-content-pos-content'><div class='avia-arrow'><\/div><h3 class='av-masonry-entry-title entry-title '  itemprop=\"headline\" >Summerpicknick<\/h3><\/div><\/div><\/figcaption><\/figure><\/a><!--end av-masonry entry--><a href=\"https:\/\/d-photography.org\/web\/portfolio-item\/steinbruecker-teich-festival\/\"  id='av-masonry-2-item-1975' data-av-masonry-item='1975' class='av-masonry-entry isotope-item post-1975 portfolio type-portfolio status-publish has-post-thumbnail hentry portfolio_entries-concert  av-masonry-item-with-image' title=\"sbteich-(43)\"  itemscope=\"itemscope\" itemtype=\"https:\/\/schema.org\/CreativeWork\" ><div class='av-inner-masonry-sizer'><\/div><figure class='av-inner-masonry main_color'><div class=\"av-masonry-outerimage-container\"><div class='av-masonry-image-container' style=\"background-image: url(https:\/\/d-photography.org\/web\/wp-content\/uploads\/2014\/02\/sbteich-432-1-705x471.jpg);\"  title=\"sbteich-(43)\"  ><\/div><\/div><figcaption class='av-inner-masonry-content site-background'><div class='av-inner-masonry-content-pos'><div class='av-inner-masonry-content-pos-content'><div class='avia-arrow'><\/div><h3 class='av-masonry-entry-title entry-title '  itemprop=\"headline\" >Steinbr\u00fccker Teich Festival<\/h3><\/div><\/div><\/figcaption><\/figure><\/a><!--end av-masonry entry--><a href=\"https:\/\/d-photography.org\/web\/portfolio-item\/obdachlos\/\"  id='av-masonry-2-item-1749' data-av-masonry-item='1749' class='av-masonry-entry isotope-item post-1749 portfolio type-portfolio status-publish has-post-thumbnail hentry portfolio_entries-own-projects  av-masonry-item-with-image' title=\"Reportage-(11)\"  itemscope=\"itemscope\" itemtype=\"https:\/\/schema.org\/CreativeWork\" ><div class='av-inner-masonry-sizer'><\/div><figure class='av-inner-masonry main_color'><div class=\"av-masonry-outerimage-container\"><div class='av-masonry-image-container' style=\"background-image: url(https:\/\/d-photography.org\/web\/wp-content\/uploads\/2014\/02\/Reportage-111-1-705x470.jpg);\"  title=\"Reportage-(11)\"  ><\/div><\/div><figcaption class='av-inner-masonry-content site-background'><div class='av-inner-masonry-content-pos'><div class='av-inner-masonry-content-pos-content'><div class='avia-arrow'><\/div><h3 class='av-masonry-entry-title entry-title '  itemprop=\"headline\" >Obdachlos<\/h3><\/div><\/div><\/figcaption><\/figure><\/a><!--end av-masonry entry--><a href=\"https:\/\/d-photography.org\/web\/portfolio-item\/intercontinental-hotel-qatar\/\"  id='av-masonry-2-item-5409' data-av-masonry-item='5409' class='av-masonry-entry isotope-item post-5409 portfolio type-portfolio status-publish has-post-thumbnail hentry portfolio_entries-industry  av-masonry-item-with-image' title=\"Intercontinental-Hotel-77\"  itemscope=\"itemscope\" itemtype=\"https:\/\/schema.org\/CreativeWork\" ><div class='av-inner-masonry-sizer'><\/div><figure class='av-inner-masonry main_color'><div class=\"av-masonry-outerimage-container\"><div class='av-masonry-image-container' style=\"background-image: url(https:\/\/d-photography.org\/web\/wp-content\/uploads\/2014\/02\/Intercontinental-Hotel-772-1-705x470.jpg);\"  title=\"Intercontinental-Hotel-77\"  ><\/div><\/div><figcaption class='av-inner-masonry-content site-background'><div class='av-inner-masonry-content-pos'><div class='av-inner-masonry-content-pos-content'><div class='avia-arrow'><\/div><h3 class='av-masonry-entry-title entry-title '  itemprop=\"headline\" >Intercontinental Hotel Qatar<\/h3><\/div><\/div><\/figcaption><\/figure><\/a><!--end av-masonry entry--><\/div><\/div><\/p>\n<div class=\"shariff shariff-align-center shariff-widget-align-flex-start shariff-buttonstretch\"><ul class=\"shariff-buttons theme-color orientation-horizontal buttonsize-medium\"><li class=\"shariff-button facebook shariff-nocustomcolor\" style=\"background-color:#4273c8\"><a href=\"https:\/\/www.facebook.com\/sharer\/sharer.php?u=https%3A%2F%2Fd-photography.org%2Fweb%2Fportfolio-item%2Fgedenk-und-begegnungsstaette-potsdam%2F\" title=\"Bei Facebook teilen\" aria-label=\"Bei Facebook teilen\" role=\"button\" rel=\"noreferrernoopener nofollow\" class=\"shariff-link\" style=\"; background-color:#3b5998; color:#fff\" target=\"_blank\"><span class=\"shariff-icon\" style=\"\"><svg width=\"32px\" height=\"20px\" xmlns=\"http:\/\/www.w3.org\/2000\/svg\" viewBox=\"0 0 18 32\"><path fill=\"#3b5998\" d=\"M17.1 0.2v4.7h-2.8q-1.5 0-2.1 0.6t-0.5 1.9v3.4h5.2l-0.7 5.3h-4.5v13.6h-5.5v-13.6h-4.5v-5.3h4.5v-3.9q0-3.3 1.9-5.2t5-1.8q2.6 0 4.1 0.2z\"\/><\/svg><\/span><span class=\"shariff-text\">teilen<\/span>&nbsp;<\/a><\/li><li class=\"shariff-button twitter shariff-nocustomcolor\" style=\"background-color:#1e3050\"><a href=\"https:\/\/twitter.com\/share?url=https%3A%2F%2Fd-photography.org%2Fweb%2Fportfolio-item%2Fgedenk-und-begegnungsstaette-potsdam%2F&text=Gedenk-%20und%20Begegnungsst%C3%A4tte%20Potsdam\" title=\"Bei X (Twitter) teilen\" aria-label=\"Bei X (Twitter) teilen\" role=\"button\" rel=\"noreferrernoopener nofollow\" class=\"shariff-link\" style=\"; background-color:#000000; color:#fff\" target=\"_blank\"><span class=\"shariff-icon\" style=\"\"><svg xmlns=\"http:\/\/www.w3.org\/2000\/svg\" height=\"1em\" viewBox=\"0 0 512 512\"><!--! Font Awesome Free 6.4.2 by @fontawesome - https:\/\/fontawesome.com License - https:\/\/fontawesome.com\/license (Commercial License) Copyright 2023 Fonticons, Inc. --><style>svg{fill:#ffffff}<\/style><path d=\"M389.2 48h70.6L305.6 224.2 487 464H345L233.7 318.6 106.5 464H35.8L200.7 275.5 26.8 48H172.4L272.9 180.9 389.2 48zM364.4 421.8h39.1L151.1 88h-42L364.4 421.8z\"\/><\/svg><\/span><span class=\"shariff-text\">twittern<\/span>&nbsp;<\/a><\/li><li class=\"shariff-button pinterest shariff-nocustomcolor\" style=\"background-color:#e70f18\"><a href=\"https:\/\/www.pinterest.com\/pin\/create\/link\/?url=https%3A%2F%2Fd-photography.org%2Fweb%2Fportfolio-item%2Fgedenk-und-begegnungsstaette-potsdam%2F&media=https%3A%2F%2Fd-photography.org%2Fweb%2Fwp-content%2Fuploads%2F2014%2F02%2Fgedenken-potsdam-69-1.jpg&description=Gedenk-%20und%20Begegnungsst%C3%A4tte%20Potsdam\" title=\"Bei Pinterest pinnen\" aria-label=\"Bei Pinterest pinnen\" role=\"button\" rel=\"noreferrernoopener nofollow\" class=\"shariff-link\" style=\"; background-color:#cb2027; color:#fff\" target=\"_blank\"><span class=\"shariff-icon\" style=\"\"><svg width=\"32px\" height=\"20px\" xmlns=\"http:\/\/www.w3.org\/2000\/svg\" viewBox=\"0 0 27 32\"><path fill=\"#cb2027\" d=\"M27.4 16q0 3.7-1.8 6.9t-5 5-6.9 1.9q-2 0-3.9-0.6 1.1-1.7 1.4-2.9 0.2-0.6 1-3.8 0.4 0.7 1.3 1.2t2 0.5q2.1 0 3.8-1.2t2.7-3.4 0.9-4.8q0-2-1.1-3.8t-3.1-2.9-4.5-1.2q-1.9 0-3.5 0.5t-2.8 1.4-2 2-1.2 2.3-0.4 2.4q0 1.9 0.7 3.3t2.1 2q0.5 0.2 0.7-0.4 0-0.1 0.1-0.5t0.2-0.5q0.1-0.4-0.2-0.8-0.9-1.1-0.9-2.7 0-2.7 1.9-4.6t4.9-2q2.7 0 4.2 1.5t1.5 3.8q0 3-1.2 5.2t-3.1 2.1q-1.1 0-1.7-0.8t-0.4-1.9q0.1-0.6 0.5-1.7t0.5-1.8 0.2-1.4q0-0.9-0.5-1.5t-1.4-0.6q-1.1 0-1.9 1t-0.8 2.6q0 1.3 0.4 2.2l-1.8 7.5q-0.3 1.2-0.2 3.2-3.7-1.6-6-5t-2.3-7.6q0-3.7 1.9-6.9t5-5 6.9-1.9 6.9 1.9 5 5 1.8 6.9z\"\/><\/svg><\/span><span class=\"shariff-text\">merken<\/span>&nbsp;<\/a><\/li><li class=\"shariff-button rss shariff-nocustomcolor\" style=\"background-color:#ff8c00\"><a href=\"https:\/\/d-photography.org\/web\/feed\/rss\/\" title=\"RSS-feed\" aria-label=\"RSS-feed\" role=\"button\" class=\"shariff-link\" style=\"; background-color:#fe9312; color:#fff\" target=\"_blank\"><span class=\"shariff-icon\" style=\"\"><svg width=\"32px\" height=\"20px\" xmlns=\"http:\/\/www.w3.org\/2000\/svg\" viewBox=\"0 0 32 32\"><path fill=\"#fe9312\" d=\"M4.3 23.5c-2.3 0-4.3 1.9-4.3 4.3 0 2.3 1.9 4.2 4.3 4.2 2.4 0 4.3-1.9 4.3-4.2 0-2.3-1.9-4.3-4.3-4.3zM0 10.9v6.1c4 0 7.7 1.6 10.6 4.4 2.8 2.8 4.4 6.6 4.4 10.6h6.2c0-11.7-9.5-21.1-21.1-21.1zM0 0v6.1c14.2 0 25.8 11.6 25.8 25.9h6.2c0-17.6-14.4-32-32-32z\"\/><\/svg><\/span><span class=\"shariff-text\">RSS-feed<\/span>&nbsp;<\/a><\/li><\/ul><\/div>","protected":false},"excerpt":{"rendered":"","protected":false},"featured_media":3157,"template":"","tags":[],"portfolio_entries":[32],"class_list":["post-5413","portfolio","type-portfolio","status-publish","has-post-thumbnail","hentry","portfolio_entries-industry"],"_links":{"self":[{"href":"https:\/\/d-photography.org\/web\/wp-json\/wp\/v2\/portfolio\/5413"}],"collection":[{"href":"https:\/\/d-photography.org\/web\/wp-json\/wp\/v2\/portfolio"}],"about":[{"href":"https:\/\/d-photography.org\/web\/wp-json\/wp\/v2\/types\/portfolio"}],"version-history":[{"count":1,"href":"https:\/\/d-photography.org\/web\/wp-json\/wp\/v2\/portfolio\/5413\/revisions"}],"predecessor-version":[{"id":6263,"href":"https:\/\/d-photography.org\/web\/wp-json\/wp\/v2\/portfolio\/5413\/revisions\/6263"}],"wp:featuredmedia":[{"embeddable":true,"href":"https:\/\/d-photography.org\/web\/wp-json\/wp\/v2\/media\/3157"}],"wp:attachment":[{"href":"https:\/\/d-photography.org\/web\/wp-json\/wp\/v2\/media?parent=5413"}],"wp:term":[{"taxonomy":"post_tag","embeddable":true,"href":"https:\/\/d-photography.org\/web\/wp-json\/wp\/v2\/tags?post=5413"},{"taxonomy":"portfolio_entries","embeddable":true,"href":"https:\/\/d-photography.org\/web\/wp-json\/wp\/v2\/portfolio_entries?post=5413"}],"curies":[{"name":"wp","href":"https:\/\/api.w.org\/{rel}","templated":true}]}}