{"id":2003,"date":"2017-03-08T13:44:29","date_gmt":"2017-03-08T13:44:29","guid":{"rendered":"http:\/\/test.kriesi.at\/enfold-minimal-photography\/?page_id=2003"},"modified":"2018-07-24T09:48:39","modified_gmt":"2018-07-24T07:48:39","slug":"blog","status":"publish","type":"page","link":"https:\/\/d-photography.org\/web\/blog\/","title":{"rendered":"Blog"},"content":{"rendered":"\n<style type=\"text\/css\" data-created_by=\"avia_inline_auto\" id=\"style-css-av-37na37-d566eeb64807b02ce39ce6ff788da8c4\">\n#top .av-masonry.av-37na37-d566eeb64807b02ce39ce6ff788da8c4{\nbackground-color:#000000;\n}\n<\/style>\n<div id='av-masonry-1' class='av-masonry av-37na37-d566eeb64807b02ce39ce6ff788da8c4 noHover av-fixed-size av-1px-gap av-hover-overlay-active av-masonry-animation-active av-masonry-col-flexible av-caption-always av-caption-style-overlay av-masonry-entries av-orientation-portrait '><div class='av-masonry-sort main_color av-sort-yes' data-masonry-id='1' ><div class='av-sort-by-term  ' data-av-allowed-sort='[\"allgemein_sort\",\"news_sort\",\"making-of_sort\",\"projekte_sort\",\"ausstellungen_sort\"]' ><a href=\"#\" data-filter=\"all_sort\" class=\"all_sort_button active_sort\"><span class=\"inner_sort_button\"><span>Alle<\/span><small class=\"avia-term-count\"> 25 <\/small><\/span><\/a><span class='text-sep allgemein_sort_sep avia_show_sort'>\/<\/span><a href=\"#\" data-filter=\"allgemein_sort\" class=\"allgemein_sort_button avia_show_sort\" ><span class=\"inner_sort_button\"><span>Allgemein<\/span><small class='avia-term-count'> 7 <\/small><\/span><\/a><span class='text-sep news_sort_sep avia_show_sort'>\/<\/span><a href=\"#\" data-filter=\"news_sort\" class=\"news_sort_button avia_show_sort\" ><span class=\"inner_sort_button\"><span>News<\/span><small class='avia-term-count'> 3 <\/small><\/span><\/a><span class='text-sep making-of_sort_sep avia_show_sort'>\/<\/span><a href=\"#\" data-filter=\"making-of_sort\" class=\"making-of_sort_button avia_show_sort\" ><span class=\"inner_sort_button\"><span>Making Of<\/span><small class='avia-term-count'> 4 <\/small><\/span><\/a><span class='text-sep projekte_sort_sep avia_show_sort'>\/<\/span><a href=\"#\" data-filter=\"projekte_sort\" class=\"projekte_sort_button avia_show_sort\" ><span class=\"inner_sort_button\"><span>Projekte<\/span><small class='avia-term-count'> 17 <\/small><\/span><\/a><span class='text-sep ausstellungen_sort_sep avia_hide_sort'>\/<\/span><a href=\"#\" data-filter=\"ausstellungen_sort\" class=\"ausstellungen_sort_button avia_hide_sort\" ><span class=\"inner_sort_button\"><span>Ausstellungen<\/span><small class='avia-term-count'> 0 <\/small><\/span><\/a><\/div><\/div><div class=\"av-masonry-container isotope av-js-disabled\"><div class='av-masonry-entry isotope-item av-masonry-item-no-image all_sort news_sort  projekte_sort  making-of_sort  allgemein_sort '><\/div><a href=\"https:\/\/d-photography.org\/web\/kampagnenshooting-fuer-die-suedzucker-ag\/\"  id='av-masonry-1-item-7578' data-av-masonry-item='7578' class='av-masonry-entry isotope-item post-7578 post type-post status-publish format-standard has-post-thumbnail hentry category-news category-projekte all_sort news_sort  projekte_sort  av-masonry-item-with-image' title=\"Fotos Ru\u0308benernte-99\"  itemscope=\"itemscope\" itemtype=\"https:\/\/schema.org\/CreativeWork\" ><div class='av-inner-masonry-sizer'><\/div><figure class='av-inner-masonry main_color'><div class=\"av-masonry-outerimage-container\"><div class='av-masonry-image-container' style=\"background-image: url(https:\/\/d-photography.org\/web\/wp-content\/uploads\/2025\/01\/Fotos-Ruebenernte-99-705x470.jpg);\"  title=\"Fotos Ru\u0308benernte-99\"  ><\/div><\/div><figcaption class='av-inner-masonry-content site-background'><div class='av-inner-masonry-content-pos'><div class='av-inner-masonry-content-pos-content'><div class='avia-arrow'><\/div><h3 class='av-masonry-entry-title entry-title '  itemprop=\"headline\" >Kampagnenshooting f\u00fcr die S\u00fcdzucker AG<\/h3><div class='av-masonry-entry-content entry-content'  itemprop=\"text\" >Seit vielen Jahren produziere ich Presse- und Werbematerial f\u00fcr\u2026<\/div><span class='av-masonry-date meta-color updated'>2. Januar 2025<\/span><span class=\"av-masonry-text-sep text-sep-author\">\/<\/span><span class='av-masonry-author meta-color author'><span class='fn'>von Dennis M\u00f6bus<\/span><\/span><\/div><\/div><\/figcaption><\/figure><\/a><!--end av-masonry entry--><a href=\"https:\/\/d-photography.org\/web\/werbeshooting-in-usa-und-kanada\/\"  id='av-masonry-1-item-7562' data-av-masonry-item='7562' class='av-masonry-entry isotope-item post-7562 post type-post status-publish format-standard has-post-thumbnail hentry category-news category-projekte all_sort news_sort  projekte_sort  av-masonry-item-with-image' title=\"USA-58\"  itemscope=\"itemscope\" itemtype=\"https:\/\/schema.org\/CreativeWork\" ><div class='av-inner-masonry-sizer'><\/div><figure class='av-inner-masonry main_color'><div class=\"av-masonry-outerimage-container\"><div class='av-masonry-image-container' style=\"background-image: url(https:\/\/d-photography.org\/web\/wp-content\/uploads\/2025\/01\/USA-58-705x470.jpg);\"  title=\"USA-58\"  ><\/div><\/div><figcaption class='av-inner-masonry-content site-background'><div class='av-inner-masonry-content-pos'><div class='av-inner-masonry-content-pos-content'><div class='avia-arrow'><\/div><h3 class='av-masonry-entry-title entry-title '  itemprop=\"headline\" >Werbeshooting in USA und Kanada<\/h3><div class='av-masonry-entry-content entry-content'  itemprop=\"text\" >F\u00fcr Volunta durfte ich \u00fcber den gro\u00dfen Teich nach Neufundland\u2026<\/div><span class='av-masonry-date meta-color updated'>2. Januar 2025<\/span><span class=\"av-masonry-text-sep text-sep-author\">\/<\/span><span class='av-masonry-author meta-color author'><span class='fn'>von Dennis M\u00f6bus<\/span><\/span><\/div><\/div><\/figcaption><\/figure><\/a><!--end av-masonry entry--><a href=\"https:\/\/d-photography.org\/web\/recruiting-kampagne-compass-group\/\"  id='av-masonry-1-item-7529' data-av-masonry-item='7529' class='av-masonry-entry isotope-item post-7529 post type-post status-publish format-standard has-post-thumbnail hentry category-making-of category-projekte all_sort making-of_sort  projekte_sort  av-masonry-item-with-image' title=\"Kampagnenshooting Compass-45\"  itemscope=\"itemscope\" itemtype=\"https:\/\/schema.org\/CreativeWork\" ><div class='av-inner-masonry-sizer'><\/div><figure class='av-inner-masonry main_color'><div class=\"av-masonry-outerimage-container\"><div class='av-masonry-image-container' style=\"background-image: url(https:\/\/d-photography.org\/web\/wp-content\/uploads\/2024\/07\/Kampagnenshooting-Compass-45-705x470.jpg);\"  title=\"Kampagnenshooting Compass-45\"  ><\/div><\/div><figcaption class='av-inner-masonry-content site-background'><div class='av-inner-masonry-content-pos'><div class='av-inner-masonry-content-pos-content'><div class='avia-arrow'><\/div><h3 class='av-masonry-entry-title entry-title '  itemprop=\"headline\" >Recruiting-Kampagne Compass Group<\/h3><div class='av-masonry-entry-content entry-content'  itemprop=\"text\" >F\u00fcr eine gro\u00dfe #Recruitingkampagne hatte ich k\u00fcrzlich Mitarbeiter\u2026<\/div><span class='av-masonry-date meta-color updated'>22. Juli 2024<\/span><span class=\"av-masonry-text-sep text-sep-author\">\/<\/span><span class='av-masonry-author meta-color author'><span class='fn'>von Dennis M\u00f6bus<\/span><\/span><\/div><\/div><\/figcaption><\/figure><\/a><!--end av-masonry entry--><a href=\"https:\/\/d-photography.org\/web\/imagefilm-mainova-ag-frankfurt\/\"  id='av-masonry-1-item-7516' data-av-masonry-item='7516' class='av-masonry-entry isotope-item post-7516 post type-post status-publish format-video has-post-thumbnail hentry category-allgemein post_format-post-format-video all_sort allgemein_sort  av-masonry-item-with-image' title=\"Bildschirmfoto 2024-07-22 um 15.18.52\"  itemscope=\"itemscope\" itemtype=\"https:\/\/schema.org\/CreativeWork\" ><div class='av-inner-masonry-sizer'><\/div><figure class='av-inner-masonry main_color'><div class=\"av-masonry-outerimage-container\"><div class='av-masonry-image-container' style=\"background-image: url(https:\/\/d-photography.org\/web\/wp-content\/uploads\/2024\/07\/Bildschirmfoto-2024-07-22-um-15.18.52-705x452.png);\"  title=\"Bildschirmfoto 2024-07-22 um 15.18.52\"  ><\/div><\/div><figcaption class='av-inner-masonry-content site-background'><div class='av-inner-masonry-content-pos'><div class='av-inner-masonry-content-pos-content'><div class='avia-arrow'><\/div><span class='av-icon-display av-masonry-media' aria-hidden='true' data-av_icon='\ue80d' data-av_iconfont='entypo-fontello'><\/span><h3 class='av-masonry-entry-title entry-title '  itemprop=\"headline\" >Imagefilm Mainova AG Frankfurt<\/h3><div class='av-masonry-entry-content entry-content'  itemprop=\"text\" >F\u00fcr die Mainova AG produzierte ich einen Imagefilm f\u00fcr einen\u2026<\/div><span class='av-masonry-date meta-color updated'>22. Juli 2024<\/span><span class=\"av-masonry-text-sep text-sep-author\">\/<\/span><span class='av-masonry-author meta-color author'><span class='fn'>von Dennis M\u00f6bus<\/span><\/span><\/div><\/div><\/figcaption><\/figure><\/a><!--end av-masonry entry--><a href=\"https:\/\/d-photography.org\/web\/linkedin-kampagne-schufa-holding-ag\/\"  id='av-masonry-1-item-7612' data-av-masonry-item='7612' class='av-masonry-entry isotope-item post-7612 post type-post status-publish format-standard has-post-thumbnail hentry category-projekte all_sort projekte_sort  av-masonry-item-with-image' title=\"Schufa Faces Tag27458 Beta\"  itemscope=\"itemscope\" itemtype=\"https:\/\/schema.org\/CreativeWork\" ><div class='av-inner-masonry-sizer'><\/div><figure class='av-inner-masonry main_color'><div class=\"av-masonry-outerimage-container\"><div class='av-masonry-image-container' style=\"background-image: url(https:\/\/d-photography.org\/web\/wp-content\/uploads\/2025\/01\/Schufa-Faces-Tag27458-Beta-705x470.jpg);\"  title=\"Schufa Faces Tag27458 Beta\"  ><\/div><\/div><figcaption class='av-inner-masonry-content site-background'><div class='av-inner-masonry-content-pos'><div class='av-inner-masonry-content-pos-content'><div class='avia-arrow'><\/div><h3 class='av-masonry-entry-title entry-title '  itemprop=\"headline\" >LinkedIn Kampagne SCHUFA Holding AG<\/h3><div class='av-masonry-entry-content entry-content'  itemprop=\"text\" >F\u00fcr die Schufa AG durfte ich im letzten Jahr eine gro\u00dfangelegte\u2026<\/div><span class='av-masonry-date meta-color updated'>2. Januar 2024<\/span><span class=\"av-masonry-text-sep text-sep-author\">\/<\/span><span class='av-masonry-author meta-color author'><span class='fn'>von Dennis M\u00f6bus<\/span><\/span><\/div><\/div><\/figcaption><\/figure><\/a><!--end av-masonry entry--><a href=\"https:\/\/d-photography.org\/web\/das-handwerk-grossformatfotografie\/\"  id='av-masonry-1-item-7556' data-av-masonry-item='7556' class='av-masonry-entry isotope-item post-7556 post type-post status-publish format-standard has-post-thumbnail hentry category-projekte all_sort projekte_sort  av-masonry-item-with-image' title=\"IMG_2814\"  itemscope=\"itemscope\" itemtype=\"https:\/\/schema.org\/CreativeWork\" ><div class='av-inner-masonry-sizer'><\/div><figure class='av-inner-masonry main_color'><div class=\"av-masonry-outerimage-container\"><div class='av-masonry-image-container' style=\"background-image: url(https:\/\/d-photography.org\/web\/wp-content\/uploads\/2024\/07\/IMG_2814-705x705.jpg);\"  title=\"IMG_2814\"  ><\/div><\/div><figcaption class='av-inner-masonry-content site-background'><div class='av-inner-masonry-content-pos'><div class='av-inner-masonry-content-pos-content'><div class='avia-arrow'><\/div><h3 class='av-masonry-entry-title entry-title '  itemprop=\"headline\" >Das Handwerk &#8211; Gro\u00dfformatfotografie<\/h3><div class='av-masonry-entry-content entry-content'  itemprop=\"text\" >F\u00fcr eine Werbekampagne im Rahmen von \"Das Handwerk\" fotografierte\u2026<\/div><span class='av-masonry-date meta-color updated'>28. August 2023<\/span><span class=\"av-masonry-text-sep text-sep-author\">\/<\/span><span class='av-masonry-author meta-color author'><span class='fn'>von Dennis M\u00f6bus<\/span><\/span><\/div><\/div><\/figcaption><\/figure><\/a><!--end av-masonry entry--><a href=\"https:\/\/d-photography.org\/web\/shootings-fuer-recruiting-und-image-von-unternehmen\/\"  id='av-masonry-1-item-7478' data-av-masonry-item='7478' class='av-masonry-entry isotope-item post-7478 post type-post status-publish format-gallery has-post-thumbnail hentry category-allgemein post_format-post-format-gallery all_sort allgemein_sort  av-masonry-item-with-image' title=\"Mainova Frauendraht-191\"  itemscope=\"itemscope\" itemtype=\"https:\/\/schema.org\/CreativeWork\" ><div class='av-inner-masonry-sizer'><\/div><figure class='av-inner-masonry main_color'><div class=\"av-masonry-outerimage-container\"><div class='av-masonry-image-container' style=\"background-image: url(https:\/\/d-photography.org\/web\/wp-content\/uploads\/2023\/08\/Mainova-Frauendraht-191-705x470.jpg);\"  title=\"Mainova Frauendraht-191\"  ><\/div><\/div><figcaption class='av-inner-masonry-content site-background'><div class='av-inner-masonry-content-pos'><div class='av-inner-masonry-content-pos-content'><div class='avia-arrow'><\/div><h3 class='av-masonry-entry-title entry-title '  itemprop=\"headline\" >Shootings f\u00fcr Recruiting und Image von Unternehmen<\/h3><span class='av-masonry-date meta-color updated'>28. August 2023<\/span><span class=\"av-masonry-text-sep text-sep-author\">\/<\/span><span class='av-masonry-author meta-color author'><span class='fn'>von Dennis M\u00f6bus<\/span><\/span><\/div><\/div><\/figcaption><\/figure><\/a><!--end av-masonry entry--><a href=\"https:\/\/d-photography.org\/web\/projektdokumentation-fuer-das-ministerium-fuer-arbeit-soziales-transformation-und-digitalisierung-rheinland-pfalz\/\"  id='av-masonry-1-item-7445' data-av-masonry-item='7445' class='av-masonry-entry isotope-item post-7445 post type-post status-publish format-gallery has-post-thumbnail hentry category-projekte post_format-post-format-gallery all_sort projekte_sort  av-masonry-item-with-image' title=\"Fotoaufnahmen Landau-138\"  itemscope=\"itemscope\" itemtype=\"https:\/\/schema.org\/CreativeWork\" ><div class='av-inner-masonry-sizer'><\/div><figure class='av-inner-masonry main_color'><div class=\"av-masonry-outerimage-container\"><div class='av-masonry-image-container' style=\"background-image: url(https:\/\/d-photography.org\/web\/wp-content\/uploads\/2023\/08\/Fotoaufnahmen-Landau-138-705x470.jpg);\"  title=\"Fotoaufnahmen Landau-138\"  ><\/div><\/div><figcaption class='av-inner-masonry-content site-background'><div class='av-inner-masonry-content-pos'><div class='av-inner-masonry-content-pos-content'><div class='avia-arrow'><\/div><h3 class='av-masonry-entry-title entry-title '  itemprop=\"headline\" >Projektdokumentation f\u00fcr das Ministerium f\u00fcr Arbeit, Soziales, Transformation und Digitalisierung Rheinland-Pfalz<\/h3><span class='av-masonry-date meta-color updated'>28. August 2023<\/span><span class=\"av-masonry-text-sep text-sep-author\">\/<\/span><span class='av-masonry-author meta-color author'><span class='fn'>von Dennis M\u00f6bus<\/span><\/span><\/div><\/div><\/figcaption><\/figure><\/a><!--end av-masonry entry--><a href=\"https:\/\/d-photography.org\/web\/werbeaufnahmen-von-sehenswuerdigkeiten-im-main-taunus-kreis-und-kreis-mainz-bingen\/\"  id='av-masonry-1-item-7399' data-av-masonry-item='7399' class='av-masonry-entry isotope-item post-7399 post type-post status-publish format-standard has-post-thumbnail hentry category-allgemein all_sort allgemein_sort  av-masonry-item-with-image' title=\"default\"  itemscope=\"itemscope\" itemtype=\"https:\/\/schema.org\/CreativeWork\" ><div class='av-inner-masonry-sizer'><\/div><figure class='av-inner-masonry main_color'><div class=\"av-masonry-outerimage-container\"><div class='av-masonry-image-container' style=\"background-image: url(https:\/\/d-photography.org\/web\/wp-content\/uploads\/2023\/08\/Oppenheim-Katharinenkirche-11-705x529.jpg);\"  title=\"default\"  ><\/div><\/div><figcaption class='av-inner-masonry-content site-background'><div class='av-inner-masonry-content-pos'><div class='av-inner-masonry-content-pos-content'><div class='avia-arrow'><\/div><h3 class='av-masonry-entry-title entry-title '  itemprop=\"headline\" >Werbeaufnahmen von Sehensw\u00fcrdigkeiten im Main-Taunus-Kreis und Kreis Mainz-Bingen<\/h3><span class='av-masonry-date meta-color updated'>28. August 2023<\/span><span class=\"av-masonry-text-sep text-sep-author\">\/<\/span><span class='av-masonry-author meta-color author'><span class='fn'>von Dennis M\u00f6bus<\/span><\/span><\/div><\/div><\/figcaption><\/figure><\/a><!--end av-masonry entry--><a href=\"https:\/\/d-photography.org\/web\/shooting-resonac-spanien\/\"  id='av-masonry-1-item-7356' data-av-masonry-item='7356' class='av-masonry-entry isotope-item post-7356 post type-post status-publish format-standard has-post-thumbnail hentry category-making-of category-projekte all_sort making-of_sort  projekte_sort  av-masonry-item-with-image' title=\"Produktionsfotos-47\"  itemscope=\"itemscope\" itemtype=\"https:\/\/schema.org\/CreativeWork\" ><div class='av-inner-masonry-sizer'><\/div><figure class='av-inner-masonry main_color'><div class=\"av-masonry-outerimage-container\"><div class='av-masonry-image-container' style=\"background-image: url(https:\/\/d-photography.org\/web\/wp-content\/uploads\/2023\/01\/Produktionsfotos-47-705x470.jpg);\"  title=\"Produktionsfotos-47\"  ><\/div><\/div><figcaption class='av-inner-masonry-content site-background'><div class='av-inner-masonry-content-pos'><div class='av-inner-masonry-content-pos-content'><div class='avia-arrow'><\/div><h3 class='av-masonry-entry-title entry-title '  itemprop=\"headline\" >Shooting Resonac Spanien<\/h3><span class='av-masonry-date meta-color updated'>6. Januar 2023<\/span><span class=\"av-masonry-text-sep text-sep-author\">\/<\/span><span class='av-masonry-author meta-color author'><span class='fn'>von Dennis M\u00f6bus<\/span><\/span><\/div><\/div><\/figcaption><\/figure><\/a><!--end av-masonry entry--><a href=\"https:\/\/d-photography.org\/web\/shooting-rotkaeppchen-mumm-academy\/\"  id='av-masonry-1-item-7340' data-av-masonry-item='7340' class='av-masonry-entry isotope-item post-7340 post type-post status-publish format-standard has-post-thumbnail hentry category-projekte all_sort projekte_sort  av-masonry-item-with-image' title=\"Shooting RMA-74\"  itemscope=\"itemscope\" itemtype=\"https:\/\/schema.org\/CreativeWork\" ><div class='av-inner-masonry-sizer'><\/div><figure class='av-inner-masonry main_color'><div class=\"av-masonry-outerimage-container\"><div class='av-masonry-image-container' style=\"background-image: url(https:\/\/d-photography.org\/web\/wp-content\/uploads\/2023\/01\/Shooting-RMA-74-705x470.jpg);\"  title=\"Shooting RMA-74\"  ><\/div><\/div><figcaption class='av-inner-masonry-content site-background'><div class='av-inner-masonry-content-pos'><div class='av-inner-masonry-content-pos-content'><div class='avia-arrow'><\/div><h3 class='av-masonry-entry-title entry-title '  itemprop=\"headline\" >Shooting Rotk\u00e4ppchen-Mumm Academy<\/h3><div class='av-masonry-entry-content entry-content'  itemprop=\"text\" >Bereits seit einigen Jahren geh\u00f6rt die Rotk\u00e4ppchen-Mumm-Gruppe\u2026<\/div><span class='av-masonry-date meta-color updated'>6. Januar 2023<\/span><span class=\"av-masonry-text-sep text-sep-author\">\/<\/span><span class='av-masonry-author meta-color author'><span class='fn'>von Dennis M\u00f6bus<\/span><\/span><\/div><\/div><\/figcaption><\/figure><\/a><!--end av-masonry entry--><a href=\"https:\/\/d-photography.org\/web\/videodreh-mit-fussballstar-neymar\/\"  id='av-masonry-1-item-7382' data-av-masonry-item='7382' class='av-masonry-entry isotope-item post-7382 post type-post status-publish format-standard has-post-thumbnail hentry category-making-of category-projekte all_sort making-of_sort  projekte_sort  av-masonry-item-with-image' title=\"312168970_10229123817180071_3614044268250871711_n\"  itemscope=\"itemscope\" itemtype=\"https:\/\/schema.org\/CreativeWork\" ><div class='av-inner-masonry-sizer'><\/div><figure class='av-inner-masonry main_color'><div class=\"av-masonry-outerimage-container\"><div class='av-masonry-image-container' style=\"background-image: url(https:\/\/d-photography.org\/web\/wp-content\/uploads\/2023\/01\/312168970_10229123817180071_3614044268250871711_n-705x502.jpg);\"  title=\"312168970_10229123817180071_3614044268250871711_n\"  ><\/div><\/div><figcaption class='av-inner-masonry-content site-background'><div class='av-inner-masonry-content-pos'><div class='av-inner-masonry-content-pos-content'><div class='avia-arrow'><\/div><h3 class='av-masonry-entry-title entry-title '  itemprop=\"headline\" >Videodreh mit Fussballstar Neymar<\/h3><div class='av-masonry-entry-content entry-content'  itemprop=\"text\" >F\u00fcr PUMA ging es im Oktober kurzfristig nach Paris. Dort stand\u2026<\/div><span class='av-masonry-date meta-color updated'>6. Januar 2023<\/span><span class=\"av-masonry-text-sep text-sep-author\">\/<\/span><span class='av-masonry-author meta-color author'><span class='fn'>von Dennis M\u00f6bus<\/span><\/span><\/div><\/div><\/figcaption><\/figure><\/a><!--end av-masonry entry--><a href=\"https:\/\/d-photography.org\/web\/werbeaufnahmen-unternehmen-schaefer-iii\/\"  id='av-masonry-1-item-7313' data-av-masonry-item='7313' class='av-masonry-entry isotope-item post-7313 post type-post status-publish format-standard has-post-thumbnail hentry category-projekte all_sort projekte_sort  av-masonry-item-with-image' title=\"Drohnenaufnahmen-6\"  itemscope=\"itemscope\" itemtype=\"https:\/\/schema.org\/CreativeWork\" ><div class='av-inner-masonry-sizer'><\/div><figure class='av-inner-masonry main_color'><div class=\"av-masonry-outerimage-container\"><div class='av-masonry-image-container' style=\"background-image: url(https:\/\/d-photography.org\/web\/wp-content\/uploads\/2023\/01\/Drohnenaufnahmen-6-705x470.jpg);\"  title=\"Drohnenaufnahmen-6\"  ><\/div><\/div><figcaption class='av-inner-masonry-content site-background'><div class='av-inner-masonry-content-pos'><div class='av-inner-masonry-content-pos-content'><div class='avia-arrow'><\/div><h3 class='av-masonry-entry-title entry-title '  itemprop=\"headline\" >Werbeaufnahmen Unternehmen Sch\u00e4fer III<\/h3><div class='av-masonry-entry-content entry-content'  itemprop=\"text\" >F\u00fcr das Bauunternehmen Sch\u00e4fer III wurde ich beauftragt Imageaufnahmen\u2026<\/div><span class='av-masonry-date meta-color updated'>6. Januar 2023<\/span><span class=\"av-masonry-text-sep text-sep-author\">\/<\/span><span class='av-masonry-author meta-color author'><span class='fn'>von Dennis M\u00f6bus<\/span><\/span><\/div><\/div><\/figcaption><\/figure><\/a><!--end av-masonry entry--><a href=\"https:\/\/d-photography.org\/web\/werbeaufnahmen-kaspar-schmauser\/\"  id='av-masonry-1-item-7322' data-av-masonry-item='7322' class='av-masonry-entry isotope-item post-7322 post type-post status-publish format-standard has-post-thumbnail hentry category-making-of category-projekte all_sort making-of_sort  projekte_sort  av-masonry-item-with-image' title=\"Shooting Kaspar Schmauser-352\"  itemscope=\"itemscope\" itemtype=\"https:\/\/schema.org\/CreativeWork\" ><div class='av-inner-masonry-sizer'><\/div><figure class='av-inner-masonry main_color'><div class=\"av-masonry-outerimage-container\"><div class='av-masonry-image-container' style=\"background-image: url(https:\/\/d-photography.org\/web\/wp-content\/uploads\/2023\/01\/Shooting-Kaspar-Schmauser-352-705x470.jpg);\"  title=\"Shooting Kaspar Schmauser-352\"  ><\/div><\/div><figcaption class='av-inner-masonry-content site-background'><div class='av-inner-masonry-content-pos'><div class='av-inner-masonry-content-pos-content'><div class='avia-arrow'><\/div><h3 class='av-masonry-entry-title entry-title '  itemprop=\"headline\" >Werbeaufnahmen Kaspar Schmauser<\/h3><div class='av-masonry-entry-content entry-content'  itemprop=\"text\" >Im sch\u00f6nen N\u00fcrnberg standen Imageaufnahmen f\u00fcr Kaspar Schmauser\u2026<\/div><span class='av-masonry-date meta-color updated'>6. Januar 2023<\/span><span class=\"av-masonry-text-sep text-sep-author\">\/<\/span><span class='av-masonry-author meta-color author'><span class='fn'>von Dennis M\u00f6bus<\/span><\/span><\/div><\/div><\/figcaption><\/figure><\/a><!--end av-masonry entry--><a href=\"https:\/\/d-photography.org\/web\/shooting-fuer-edeka\/\"  id='av-masonry-1-item-7308' data-av-masonry-item='7308' class='av-masonry-entry isotope-item post-7308 post type-post status-publish format-standard has-post-thumbnail hentry category-projekte all_sort projekte_sort  av-masonry-item-with-image' title=\"Shooting Edeka Neuenburg-490\"  itemscope=\"itemscope\" itemtype=\"https:\/\/schema.org\/CreativeWork\" ><div class='av-inner-masonry-sizer'><\/div><figure class='av-inner-masonry main_color'><div class=\"av-masonry-outerimage-container\"><div class='av-masonry-image-container' style=\"background-image: url(https:\/\/d-photography.org\/web\/wp-content\/uploads\/2023\/01\/Shooting-Edeka-Neuenburg-490-705x470.jpg);\"  title=\"Shooting Edeka Neuenburg-490\"  ><\/div><\/div><figcaption class='av-inner-masonry-content site-background'><div class='av-inner-masonry-content-pos'><div class='av-inner-masonry-content-pos-content'><div class='avia-arrow'><\/div><h3 class='av-masonry-entry-title entry-title '  itemprop=\"headline\" >Shooting f\u00fcr EDEKA<\/h3><div class='av-masonry-entry-content entry-content'  itemprop=\"text\" >F\u00fcr Edeka gab es in dem vergangenen Jahr gleich mehrere Shootings.<br \/>\r\nDabei\u2026<\/div><span class='av-masonry-date meta-color updated'>6. Januar 2023<\/span><span class=\"av-masonry-text-sep text-sep-author\">\/<\/span><span class='av-masonry-author meta-color author'><span class='fn'>von Dennis M\u00f6bus<\/span><\/span><\/div><\/div><\/figcaption><\/figure><\/a><!--end av-masonry entry--><a href=\"https:\/\/d-photography.org\/web\/shooting-staatssekretaer-alexander-wilhelm\/\"  id='av-masonry-1-item-7297' data-av-masonry-item='7297' class='av-masonry-entry isotope-item post-7297 post type-post status-publish format-standard has-post-thumbnail hentry category-projekte all_sort projekte_sort  av-masonry-item-with-image' title=\"Shooting Staatssekreta\u0308r Wilhelm-208\"  itemscope=\"itemscope\" itemtype=\"https:\/\/schema.org\/CreativeWork\" ><div class='av-inner-masonry-sizer'><\/div><figure class='av-inner-masonry main_color'><div class=\"av-masonry-outerimage-container\"><div class='av-masonry-image-container' style=\"background-image: url(https:\/\/d-photography.org\/web\/wp-content\/uploads\/2023\/01\/Shooting-Staatssekretaer-Wilhelm-208-705x470.jpg);\"  title=\"Shooting Staatssekreta\u0308r Wilhelm-208\"  ><\/div><\/div><figcaption class='av-inner-masonry-content site-background'><div class='av-inner-masonry-content-pos'><div class='av-inner-masonry-content-pos-content'><div class='avia-arrow'><\/div><h3 class='av-masonry-entry-title entry-title '  itemprop=\"headline\" >Shooting Staatssekret\u00e4r Alexander Wilhelm<\/h3><div class='av-masonry-entry-content entry-content'  itemprop=\"text\" >In meiner Arbeit stehen immer wieder auch Politiker vor meiner\u2026<\/div><span class='av-masonry-date meta-color updated'>6. Januar 2023<\/span><span class=\"av-masonry-text-sep text-sep-author\">\/<\/span><span class='av-masonry-author meta-color author'><span class='fn'>von Dennis M\u00f6bus<\/span><\/span><\/div><\/div><\/figcaption><\/figure><\/a><!--end av-masonry entry--><a href=\"https:\/\/d-photography.org\/web\/produktfotografie-felgen\/\"  id='av-masonry-1-item-7210' data-av-masonry-item='7210' class='av-masonry-entry isotope-item post-7210 post type-post status-publish format-standard has-post-thumbnail hentry category-projekte all_sort projekte_sort  av-masonry-item-with-image' title=\"Produktbilder-xraid-72\"  itemscope=\"itemscope\" itemtype=\"https:\/\/schema.org\/CreativeWork\" ><div class='av-inner-masonry-sizer'><\/div><figure class='av-inner-masonry main_color'><div class=\"av-masonry-outerimage-container\"><div class='av-masonry-image-container' style=\"background-image: url(https:\/\/d-photography.org\/web\/wp-content\/uploads\/2021\/02\/Produktbilder-xraid-72-705x470.jpg);\"  title=\"Produktbilder-xraid-72\"  ><\/div><\/div><figcaption class='av-inner-masonry-content site-background'><div class='av-inner-masonry-content-pos'><div class='av-inner-masonry-content-pos-content'><div class='avia-arrow'><\/div><h3 class='av-masonry-entry-title entry-title '  itemprop=\"headline\" >Produktfotografie Felgen<\/h3><div class='av-masonry-entry-content entry-content'  itemprop=\"text\" >In der Coronazeit stehen Produktaufnahmen hoch im Kurs. Gl\u00fccklicherweise\u2026<\/div><span class='av-masonry-date meta-color updated'>22. Februar 2021<\/span><span class=\"av-masonry-text-sep text-sep-author\">\/<\/span><span class='av-masonry-author meta-color author'><span class='fn'>von Dennis M\u00f6bus<\/span><\/span><\/div><\/div><\/figcaption><\/figure><\/a><!--end av-masonry entry--><a href=\"https:\/\/d-photography.org\/web\/imagefilm-gewerbeverein-gross-gerau\/\"  id='av-masonry-1-item-7192' data-av-masonry-item='7192' class='av-masonry-entry isotope-item post-7192 post type-post status-publish format-standard has-post-thumbnail hentry category-allgemein all_sort allgemein_sort  av-masonry-item-with-image' title=\"Bildschirmfoto 2020-12-23 um 18.04.46\"  itemscope=\"itemscope\" itemtype=\"https:\/\/schema.org\/CreativeWork\" ><div class='av-inner-masonry-sizer'><\/div><figure class='av-inner-masonry main_color'><div class=\"av-masonry-outerimage-container\"><div class='av-masonry-image-container' style=\"background-image: url(https:\/\/d-photography.org\/web\/wp-content\/uploads\/2020\/12\/Bildschirmfoto-2020-12-23-um-18.04.46.png);\"  title=\"Bildschirmfoto 2020-12-23 um 18.04.46\"  ><\/div><\/div><figcaption class='av-inner-masonry-content site-background'><div class='av-inner-masonry-content-pos'><div class='av-inner-masonry-content-pos-content'><div class='avia-arrow'><\/div><h3 class='av-masonry-entry-title entry-title '  itemprop=\"headline\" >Imagefilm Gewerbeverein Gross-Gerau<\/h3><div class='av-masonry-entry-content entry-content'  itemprop=\"text\" >F\u00fcr den Gewerbeverein in Gross-Gerau stand die Produktion eines\u2026<\/div><span class='av-masonry-date meta-color updated'>23. Dezember 2020<\/span><span class=\"av-masonry-text-sep text-sep-author\">\/<\/span><span class='av-masonry-author meta-color author'><span class='fn'>von Dennis M\u00f6bus<\/span><\/span><\/div><\/div><\/figcaption><\/figure><\/a><!--end av-masonry entry--><a href=\"https:\/\/d-photography.org\/web\/werbeaufnahmen-struempfe\/\"  id='av-masonry-1-item-7196' data-av-masonry-item='7196' class='av-masonry-entry isotope-item post-7196 post type-post status-publish format-standard has-post-thumbnail hentry category-allgemein all_sort allgemein_sort  av-masonry-item-with-image' title=\"WhatsApp Image 2020-11-28 at 12.31.40\"  itemscope=\"itemscope\" itemtype=\"https:\/\/schema.org\/CreativeWork\" ><div class='av-inner-masonry-sizer'><\/div><figure class='av-inner-masonry main_color'><div class=\"av-masonry-outerimage-container\"><div class='av-masonry-image-container' style=\"background-image: url(https:\/\/d-photography.org\/web\/wp-content\/uploads\/2020\/12\/WhatsApp-Image-2020-11-28-at-12.31.40-705x529.jpg);\"  title=\"WhatsApp Image 2020-11-28 at 12.31.40\"  ><\/div><\/div><figcaption class='av-inner-masonry-content site-background'><div class='av-inner-masonry-content-pos'><div class='av-inner-masonry-content-pos-content'><div class='avia-arrow'><\/div><h3 class='av-masonry-entry-title entry-title '  itemprop=\"headline\" >Werbeaufnahmen Str\u00fcmpfe<\/h3><div class='av-masonry-entry-content entry-content'  itemprop=\"text\" >Ein etwas ungew\u00f6hnlicheres Studioshooting. Diesmal Produktaufnahmen\u2026<\/div><span class='av-masonry-date meta-color updated'>23. Dezember 2020<\/span><span class=\"av-masonry-text-sep text-sep-author\">\/<\/span><span class='av-masonry-author meta-color author'><span class='fn'>von Dennis M\u00f6bus<\/span><\/span><\/div><\/div><\/figcaption><\/figure><\/a><!--end av-masonry entry--><a href=\"https:\/\/d-photography.org\/web\/kampagnenshooting-vgf\/\"  id='av-masonry-1-item-7181' data-av-masonry-item='7181' class='av-masonry-entry isotope-item post-7181 post type-post status-publish format-standard has-post-thumbnail hentry category-allgemein all_sort allgemein_sort  av-masonry-item-with-image' title=\"VGF-Shooting-Tag-2-250\"  itemscope=\"itemscope\" itemtype=\"https:\/\/schema.org\/CreativeWork\" ><div class='av-inner-masonry-sizer'><\/div><figure class='av-inner-masonry main_color'><div class=\"av-masonry-outerimage-container\"><div class='av-masonry-image-container' style=\"background-image: url(https:\/\/d-photography.org\/web\/wp-content\/uploads\/2020\/12\/VGF-Shooting-Tag-2-250-705x470.jpg);\"  title=\"VGF-Shooting-Tag-2-250\"  ><\/div><\/div><figcaption class='av-inner-masonry-content site-background'><div class='av-inner-masonry-content-pos'><div class='av-inner-masonry-content-pos-content'><div class='avia-arrow'><\/div><h3 class='av-masonry-entry-title entry-title '  itemprop=\"headline\" >Kampagnenshooting VGF<\/h3><div class='av-masonry-entry-content entry-content'  itemprop=\"text\" >F\u00fcr die Frankfurter Verkehrsgesellschaft (VGF) f\u00fchrte ich\u2026<\/div><span class='av-masonry-date meta-color updated'>23. Dezember 2020<\/span><span class=\"av-masonry-text-sep text-sep-author\">\/<\/span><span class='av-masonry-author meta-color author'><span class='fn'>von Dennis M\u00f6bus<\/span><\/span><\/div><\/div><\/figcaption><\/figure><\/a><!--end av-masonry entry--><a href=\"https:\/\/d-photography.org\/web\/moderne-bildbearbeitung\/\"  id='av-masonry-1-item-7144' data-av-masonry-item='7144' class='av-masonry-entry isotope-item post-7144 post type-post status-publish format-standard has-post-thumbnail hentry category-news all_sort news_sort  av-masonry-item-with-image' title=\"Senefelderpark-Offenbach-6\"  itemscope=\"itemscope\" itemtype=\"https:\/\/schema.org\/CreativeWork\" ><div class='av-inner-masonry-sizer'><\/div><figure class='av-inner-masonry main_color'><div class=\"av-masonry-outerimage-container\"><div class='av-masonry-image-container' style=\"background-image: url(https:\/\/d-photography.org\/web\/wp-content\/uploads\/2020\/10\/Senefelderpark-Offenbach-6-705x493.jpg);\"  title=\"Senefelderpark-Offenbach-6\"  ><\/div><\/div><figcaption class='av-inner-masonry-content site-background'><div class='av-inner-masonry-content-pos'><div class='av-inner-masonry-content-pos-content'><div class='avia-arrow'><\/div><h3 class='av-masonry-entry-title entry-title '  itemprop=\"headline\" >Moderne Bildbearbeitung<\/h3><div class='av-masonry-entry-content entry-content'  itemprop=\"text\" >In der heutigen Zeit ist moderne Bildbearbeitung besonders wichtig\u2026<\/div><span class='av-masonry-date meta-color updated'>15. Oktober 2020<\/span><span class=\"av-masonry-text-sep text-sep-author\">\/<\/span><span class='av-masonry-author meta-color author'><span class='fn'>von Dennis M\u00f6bus<\/span><\/span><\/div><\/div><\/figcaption><\/figure><\/a><!--end av-masonry entry--><a href=\"https:\/\/d-photography.org\/web\/imagefilm-mainova-history\/\"  id='av-masonry-1-item-7139' data-av-masonry-item='7139' class='av-masonry-entry isotope-item post-7139 post type-post status-publish format-video has-post-thumbnail hentry category-projekte post_format-post-format-video all_sort projekte_sort  av-masonry-item-with-image' title=\"Bildschirmfoto 2020-10-09 um 20.41.34\"  itemscope=\"itemscope\" itemtype=\"https:\/\/schema.org\/CreativeWork\" ><div class='av-inner-masonry-sizer'><\/div><figure class='av-inner-masonry main_color'><div class=\"av-masonry-outerimage-container\"><div class='av-masonry-image-container' style=\"background-image: url(https:\/\/d-photography.org\/web\/wp-content\/uploads\/2020\/10\/Bildschirmfoto-2020-10-09-um-20.41.34-705x381.png);\"  title=\"Bildschirmfoto 2020-10-09 um 20.41.34\"  ><\/div><\/div><figcaption class='av-inner-masonry-content site-background'><div class='av-inner-masonry-content-pos'><div class='av-inner-masonry-content-pos-content'><div class='avia-arrow'><\/div><span class='av-icon-display av-masonry-media' aria-hidden='true' data-av_icon='\ue80d' data-av_iconfont='entypo-fontello'><\/span><h3 class='av-masonry-entry-title entry-title '  itemprop=\"headline\" >Imagefilm Mainova History<\/h3><div class='av-masonry-entry-content entry-content'  itemprop=\"text\" >https:\/\/vimeo.com\/465767449<br \/>\n<br \/>\n<br \/>\n<br \/>\n<br \/>\nF\u00fcr einen meiner Stammkunden\u2026<\/div><span class='av-masonry-date meta-color updated'>9. Oktober 2020<\/span><span class=\"av-masonry-text-sep text-sep-author\">\/<\/span><span class='av-masonry-author meta-color author'><span class='fn'>von Dennis M\u00f6bus<\/span><\/span><\/div><\/div><\/figcaption><\/figure><\/a><!--end av-masonry entry--><a href=\"https:\/\/d-photography.org\/web\/imagefilm-zur-hv-mainova-ag\/\"  id='av-masonry-1-item-7215' data-av-masonry-item='7215' class='av-masonry-entry isotope-item post-7215 post type-post status-publish format-standard has-post-thumbnail hentry category-allgemein all_sort allgemein_sort  av-masonry-item-with-image' title=\"Bildschirmfoto 2021-04-06 um 20.19.21\"  itemscope=\"itemscope\" itemtype=\"https:\/\/schema.org\/CreativeWork\" ><div class='av-inner-masonry-sizer'><\/div><figure class='av-inner-masonry main_color'><div class=\"av-masonry-outerimage-container\"><div class='av-masonry-image-container' style=\"background-image: url(https:\/\/d-photography.org\/web\/wp-content\/uploads\/2021\/04\/Bildschirmfoto-2021-04-06-um-20.19.21-705x395.png);\"  title=\"Bildschirmfoto 2021-04-06 um 20.19.21\"  ><\/div><\/div><figcaption class='av-inner-masonry-content site-background'><div class='av-inner-masonry-content-pos'><div class='av-inner-masonry-content-pos-content'><div class='avia-arrow'><\/div><h3 class='av-masonry-entry-title entry-title '  itemprop=\"headline\" >Imagefilm zur HV Mainova AG<\/h3><div class='av-masonry-entry-content entry-content'  itemprop=\"text\" >https:\/\/www.youtube.com\/watch?v=vNkknh9WvCM<br \/>\n<br \/>\n<br \/>\n<br \/>\n<br \/>\nF\u00fcr die Mainova\u2026<\/div><span class='av-masonry-date meta-color updated'>14. August 2020<\/span><span class=\"av-masonry-text-sep text-sep-author\">\/<\/span><span class='av-masonry-author meta-color author'><span class='fn'>von Dennis M\u00f6bus<\/span><\/span><\/div><\/div><\/figcaption><\/figure><\/a><!--end av-masonry entry--><a href=\"https:\/\/d-photography.org\/web\/imagefilm-hofmann-maschinen-und-anlagenbau-gmbh\/\"  id='av-masonry-1-item-7123' data-av-masonry-item='7123' class='av-masonry-entry isotope-item post-7123 post type-post status-publish format-video has-post-thumbnail hentry category-projekte post_format-post-format-video all_sort projekte_sort  av-masonry-item-with-image' title=\"Bildschirmfoto 2020-05-11 um 10.43.09\"  itemscope=\"itemscope\" itemtype=\"https:\/\/schema.org\/CreativeWork\" ><div class='av-inner-masonry-sizer'><\/div><figure class='av-inner-masonry main_color'><div class=\"av-masonry-outerimage-container\"><div class='av-masonry-image-container' style=\"background-image: url(https:\/\/d-photography.org\/web\/wp-content\/uploads\/2020\/05\/Bildschirmfoto-2020-05-11-um-10.43.09-705x487.png);\"  title=\"Bildschirmfoto 2020-05-11 um 10.43.09\"  ><\/div><\/div><figcaption class='av-inner-masonry-content site-background'><div class='av-inner-masonry-content-pos'><div class='av-inner-masonry-content-pos-content'><div class='avia-arrow'><\/div><span class='av-icon-display av-masonry-media' aria-hidden='true' data-av_icon='\ue80d' data-av_iconfont='entypo-fontello'><\/span><h3 class='av-masonry-entry-title entry-title '  itemprop=\"headline\" >Imagefilm Hofmann Maschinen- und Anlagenbau GmbH<\/h3><div class='av-masonry-entry-content entry-content'  itemprop=\"text\" >https:\/\/www.youtube.com\/watch?v=XebaMgn50m8<br \/>\n<br \/>\n<br \/>\n<br \/>\n<br \/>\nRundum Projekt\u2026<\/div><span class='av-masonry-date meta-color updated'>11. Mai 2020<\/span><span class=\"av-masonry-text-sep text-sep-author\">\/<\/span><span class='av-masonry-author meta-color author'><span class='fn'>von Dennis M\u00f6bus<\/span><\/span><\/div><\/div><\/figcaption><\/figure><\/a><!--end av-masonry entry--><a href=\"https:\/\/d-photography.org\/web\/videodokumentation-pressekonferenz-ikw\/\"  id='av-masonry-1-item-7116' data-av-masonry-item='7116' class='av-masonry-entry isotope-item post-7116 post type-post status-publish format-video has-post-thumbnail hentry category-projekte post_format-post-format-video all_sort projekte_sort  av-masonry-item-with-image' title=\"Bildschirmfoto 2019-12-23 um 16.56.12\"  itemscope=\"itemscope\" itemtype=\"https:\/\/schema.org\/CreativeWork\" ><div class='av-inner-masonry-sizer'><\/div><figure class='av-inner-masonry main_color'><div class=\"av-masonry-outerimage-container\"><div class='av-masonry-image-container' style=\"background-image: url(https:\/\/d-photography.org\/web\/wp-content\/uploads\/2019\/12\/Bildschirmfoto-2019-12-23-um-16.56.12-705x413.png);\"  title=\"Bildschirmfoto 2019-12-23 um 16.56.12\"  ><\/div><\/div><figcaption class='av-inner-masonry-content site-background'><div class='av-inner-masonry-content-pos'><div class='av-inner-masonry-content-pos-content'><div class='avia-arrow'><\/div><span class='av-icon-display av-masonry-media' aria-hidden='true' data-av_icon='\ue80d' data-av_iconfont='entypo-fontello'><\/span><h3 class='av-masonry-entry-title entry-title '  itemprop=\"headline\" >Videodokumentation Pressekonferenz IKW<\/h3><div class='av-masonry-entry-content entry-content'  itemprop=\"text\" >https:\/\/vimeo.com\/381178589<br \/>\nF\u00fcr den IKW \u00fcbernehme ich bereits\u2026<\/div><span class='av-masonry-date meta-color updated'>23. Dezember 2019<\/span><span class=\"av-masonry-text-sep text-sep-author\">\/<\/span><span class='av-masonry-author meta-color author'><span class='fn'>von Dennis M\u00f6bus<\/span><\/span><\/div><\/div><\/figcaption><\/figure><\/a><!--end av-masonry entry--><\/div><div class='av-masonry-pagination av-masonry-pagination-pagination'><nav class='pagination'><span class='pagination-meta'>Seite 1 von 5<\/span><span class='current'>1<\/span><a href='https:\/\/d-photography.org\/web\/wp-json\/wp\/v2\/pages\/2003\/?avia-element-paging=2' class='inactive next_page' >2<\/a><a href='https:\/\/d-photography.org\/web\/wp-json\/wp\/v2\/pages\/2003\/?avia-element-paging=3' class='inactive' >3<\/a><a href='https:\/\/d-photography.org\/web\/wp-json\/wp\/v2\/pages\/2003\/?avia-element-paging=4' class='inactive' >4<\/a><a href='https:\/\/d-photography.org\/web\/wp-json\/wp\/v2\/pages\/2003\/?avia-element-paging=5' class='inactive' >5<\/a><\/nav>\n<\/div><\/div>\n<div class=\"shariff shariff-align-center shariff-widget-align-flex-start shariff-buttonstretch\"><ul class=\"shariff-buttons theme-color orientation-horizontal buttonsize-medium\"><li class=\"shariff-button facebook shariff-nocustomcolor\" style=\"background-color:#4273c8\"><a href=\"https:\/\/www.facebook.com\/sharer\/sharer.php?u=https%3A%2F%2Fd-photography.org%2Fweb%2Fblog%2F\" title=\"Bei Facebook teilen\" aria-label=\"Bei Facebook teilen\" role=\"button\" rel=\"noreferrernoopener nofollow\" class=\"shariff-link\" style=\"; background-color:#3b5998; color:#fff\" target=\"_blank\"><span class=\"shariff-icon\" style=\"\"><svg width=\"32px\" height=\"20px\" xmlns=\"http:\/\/www.w3.org\/2000\/svg\" viewBox=\"0 0 18 32\"><path fill=\"#3b5998\" d=\"M17.1 0.2v4.7h-2.8q-1.5 0-2.1 0.6t-0.5 1.9v3.4h5.2l-0.7 5.3h-4.5v13.6h-5.5v-13.6h-4.5v-5.3h4.5v-3.9q0-3.3 1.9-5.2t5-1.8q2.6 0 4.1 0.2z\"\/><\/svg><\/span><span class=\"shariff-text\">teilen<\/span>&nbsp;<\/a><\/li><li class=\"shariff-button twitter shariff-nocustomcolor\" style=\"background-color:#1e3050\"><a href=\"https:\/\/twitter.com\/share?url=https%3A%2F%2Fd-photography.org%2Fweb%2Fblog%2F&text=Blog\" title=\"Bei X (Twitter) teilen\" aria-label=\"Bei X (Twitter) teilen\" role=\"button\" rel=\"noreferrernoopener nofollow\" class=\"shariff-link\" style=\"; background-color:#000000; color:#fff\" target=\"_blank\"><span class=\"shariff-icon\" style=\"\"><svg xmlns=\"http:\/\/www.w3.org\/2000\/svg\" height=\"1em\" viewBox=\"0 0 512 512\"><!--! Font Awesome Free 6.4.2 by @fontawesome - https:\/\/fontawesome.com License - https:\/\/fontawesome.com\/license (Commercial License) Copyright 2023 Fonticons, Inc. --><style>svg{fill:#ffffff}<\/style><path d=\"M389.2 48h70.6L305.6 224.2 487 464H345L233.7 318.6 106.5 464H35.8L200.7 275.5 26.8 48H172.4L272.9 180.9 389.2 48zM364.4 421.8h39.1L151.1 88h-42L364.4 421.8z\"\/><\/svg><\/span><span class=\"shariff-text\">twittern<\/span>&nbsp;<\/a><\/li><li class=\"shariff-button pinterest shariff-nocustomcolor\" style=\"background-color:#e70f18\"><a href=\"https:\/\/www.pinterest.com\/pin\/create\/link\/?url=https%3A%2F%2Fd-photography.org%2Fweb%2Fblog%2F&media=https%3A%2F%2Fd-photography.org%2Fweb%2Fwp-content%2Fplugins%2Fe-recht24-share%2Fimages%2FdefaultHint.png&description=Blog\" title=\"Bei Pinterest pinnen\" aria-label=\"Bei Pinterest pinnen\" role=\"button\" rel=\"noreferrernoopener nofollow\" class=\"shariff-link\" style=\"; background-color:#cb2027; color:#fff\" target=\"_blank\"><span class=\"shariff-icon\" style=\"\"><svg width=\"32px\" height=\"20px\" xmlns=\"http:\/\/www.w3.org\/2000\/svg\" viewBox=\"0 0 27 32\"><path fill=\"#cb2027\" d=\"M27.4 16q0 3.7-1.8 6.9t-5 5-6.9 1.9q-2 0-3.9-0.6 1.1-1.7 1.4-2.9 0.2-0.6 1-3.8 0.4 0.7 1.3 1.2t2 0.5q2.1 0 3.8-1.2t2.7-3.4 0.9-4.8q0-2-1.1-3.8t-3.1-2.9-4.5-1.2q-1.9 0-3.5 0.5t-2.8 1.4-2 2-1.2 2.3-0.4 2.4q0 1.9 0.7 3.3t2.1 2q0.5 0.2 0.7-0.4 0-0.1 0.1-0.5t0.2-0.5q0.1-0.4-0.2-0.8-0.9-1.1-0.9-2.7 0-2.7 1.9-4.6t4.9-2q2.7 0 4.2 1.5t1.5 3.8q0 3-1.2 5.2t-3.1 2.1q-1.1 0-1.7-0.8t-0.4-1.9q0.1-0.6 0.5-1.7t0.5-1.8 0.2-1.4q0-0.9-0.5-1.5t-1.4-0.6q-1.1 0-1.9 1t-0.8 2.6q0 1.3 0.4 2.2l-1.8 7.5q-0.3 1.2-0.2 3.2-3.7-1.6-6-5t-2.3-7.6q0-3.7 1.9-6.9t5-5 6.9-1.9 6.9 1.9 5 5 1.8 6.9z\"\/><\/svg><\/span><span class=\"shariff-text\">merken<\/span>&nbsp;<\/a><\/li><li class=\"shariff-button rss shariff-nocustomcolor\" style=\"background-color:#ff8c00\"><a href=\"https:\/\/d-photography.org\/web\/feed\/rss\/\" title=\"RSS-feed\" aria-label=\"RSS-feed\" role=\"button\" class=\"shariff-link\" style=\"; background-color:#fe9312; color:#fff\" target=\"_blank\"><span class=\"shariff-icon\" style=\"\"><svg width=\"32px\" height=\"20px\" xmlns=\"http:\/\/www.w3.org\/2000\/svg\" viewBox=\"0 0 32 32\"><path fill=\"#fe9312\" d=\"M4.3 23.5c-2.3 0-4.3 1.9-4.3 4.3 0 2.3 1.9 4.2 4.3 4.2 2.4 0 4.3-1.9 4.3-4.2 0-2.3-1.9-4.3-4.3-4.3zM0 10.9v6.1c4 0 7.7 1.6 10.6 4.4 2.8 2.8 4.4 6.6 4.4 10.6h6.2c0-11.7-9.5-21.1-21.1-21.1zM0 0v6.1c14.2 0 25.8 11.6 25.8 25.9h6.2c0-17.6-14.4-32-32-32z\"\/><\/svg><\/span><span class=\"shariff-text\">RSS-feed<\/span>&nbsp;<\/a><\/li><\/ul><\/div>","protected":false},"excerpt":{"rendered":"","protected":false},"author":1,"featured_media":0,"parent":0,"menu_order":3,"comment_status":"closed","ping_status":"closed","template":"","meta":{"footnotes":""},"class_list":["post-2003","page","type-page","status-publish","hentry"],"_links":{"self":[{"href":"https:\/\/d-photography.org\/web\/wp-json\/wp\/v2\/pages\/2003"}],"collection":[{"href":"https:\/\/d-photography.org\/web\/wp-json\/wp\/v2\/pages"}],"about":[{"href":"https:\/\/d-photography.org\/web\/wp-json\/wp\/v2\/types\/page"}],"author":[{"embeddable":true,"href":"https:\/\/d-photography.org\/web\/wp-json\/wp\/v2\/users\/1"}],"replies":[{"embeddable":true,"href":"https:\/\/d-photography.org\/web\/wp-json\/wp\/v2\/comments?post=2003"}],"version-history":[{"count":7,"href":"https:\/\/d-photography.org\/web\/wp-json\/wp\/v2\/pages\/2003\/revisions"}],"predecessor-version":[{"id":5436,"href":"https:\/\/d-photography.org\/web\/wp-json\/wp\/v2\/pages\/2003\/revisions\/5436"}],"wp:attachment":[{"href":"https:\/\/d-photography.org\/web\/wp-json\/wp\/v2\/media?parent=2003"}],"curies":[{"name":"wp","href":"https:\/\/api.w.org\/{rel}","templated":true}]}}